{"id":54,"date":"2016-07-12T21:43:25","date_gmt":"2016-07-12T20:43:25","guid":{"rendered":"https:\/\/lacteosdelprado.cl\/index.php\/news\/"},"modified":"2025-11-09T22:05:51","modified_gmt":"2025-11-09T22:05:51","slug":"news","status":"publish","type":"page","link":"https:\/\/lacteosdelprado.cl\/index.php\/news\/","title":{"rendered":"Noticias"},"content":{"rendered":"<div class=\"wpb-content-wrapper\"><p>[vc_row type=\u00bbvc_default\u00bb css=\u00bb.vc_custom_1474233059332{padding-bottom: 70px !important;}\u00bb][vc_column]<div class=\"dt-shortcode with-isotope\"><div class=\"wf-container dt-blog-shortcode resize-by-browser-width horizontal-fancy-style loading-effect-fade-in iso-grid description-under-image content-align-left\" data-padding=\"20px\" data-cur-page=\"1\" data-posts-per-page=\"-1\" data-desktop-columns-num=\"3\" data-v-tablet-columns-num=\"2\" data-h-tablet-columns-num=\"3\" data-phone-columns-num=\"1\" data-width=\"370px\" data-columns=\"3\">\n<div class=\"wf-cell category-22\" data-post-id=\"1130\" data-date=\"2025-11-06T18:44:23+00:00\" data-name=\"Programa de Gobierno Regional de Los R\u00edos apoy\u00f3 el crecimiento de conocida queser\u00eda futronina\">\n\t<article class=\"post post-1130 type-post status-publish format-standard has-post-thumbnail hentry category-noticias category-22 description-off\">\n\n\t\t\n\t\t\t<div class=\"blog-media wf-td\">\n\n\t\t\t\t<p><a href=\"https:\/\/lacteosdelprado.cl\/index.php\/2025\/11\/06\/programa-de-gobierno-regional-de-los-rios-apoyo-el-crecimiento-de-conocida-queseria-futronina\/\" class=\"alignnone rollover layzr-bg\" ><img fetchpriority=\"high\" decoding=\"async\" class=\"preload-me iso-lazy-load aspect\" src=\"data:image\/svg+xml,%3Csvg%20xmlns%3D&#39;http%3A%2F%2Fwww.w3.org%2F2000%2Fsvg&#39;%20viewBox%3D&#39;0%200%20555%20370&#39;%2F%3E\" data-src=\"https:\/\/lacteosdelprado.cl\/wp-content\/uploads\/2025\/11\/1-555x370.jpg\" data-srcset=\"https:\/\/lacteosdelprado.cl\/wp-content\/uploads\/2025\/11\/1-555x370.jpg 555w, https:\/\/lacteosdelprado.cl\/wp-content\/uploads\/2025\/11\/1-799x533.jpg 799w\" loading=\"eager\" style=\"--ratio: 555 \/ 370\" sizes=\"(max-width: 555px) 100vw, 555px\" alt=\"\" title=\"1\" width=\"555\" height=\"370\"  \/><\/a><\/p>\n\t\t\t<\/div>\n\n\t\t\n\t\t<div class=\"blog-content wf-td\">\n\t\t\t<h3 class=\"entry-title\"><a href=\"https:\/\/lacteosdelprado.cl\/index.php\/2025\/11\/06\/programa-de-gobierno-regional-de-los-rios-apoyo-el-crecimiento-de-conocida-queseria-futronina\/\" title=\"Programa de Gobierno Regional de Los R\u00edos apoy\u00f3 el crecimiento de conocida queser\u00eda futronina\" rel=\"bookmark\">Programa de Gobierno Regional de Los R\u00edos apoy\u00f3 el crecimiento de conocida queser\u00eda futronina<\/a><\/h3>\n\n\t\t\t<div class=\"entry-meta\"><span class=\"category-link\"><a href=\"https:\/\/lacteosdelprado.cl\/index.php\/category\/noticias\/\" >Noticias<\/a><\/span><a class=\"author vcard\" href=\"https:\/\/lacteosdelprado.cl\/index.php\/author\/lacteos\/\" title=\"View all posts by admin\" rel=\"author\">By <span class=\"fn\">admin<\/span><\/a><\/div>\n<a href=\"https:\/\/lacteosdelprado.cl\/index.php\/2025\/11\/06\/programa-de-gobierno-regional-de-los-rios-apoyo-el-crecimiento-de-conocida-queseria-futronina\/\" class=\"details more-link\" aria-label=\"Read more about Programa de Gobierno Regional de Los R\u00edos apoy\u00f3 el crecimiento de conocida queser\u00eda futronina\">Details<\/a>\n\n\t\t<\/div>\n\n\t<\/article>\n\n<\/div>\n<div class=\"wf-cell category-22\" data-post-id=\"1128\" data-date=\"2025-11-06T18:42:42+00:00\" data-name=\"L\u00e1cteos del Prado habilit\u00f3 sala de ventas e instal\u00f3 paneles fotovoltaicos con recursos del GORE\">\n\t<article class=\"post post-1128 type-post status-publish format-standard has-post-thumbnail hentry category-noticias category-22 description-off\">\n\n\t\t\n\t\t\t<div class=\"blog-media wf-td\">\n\n\t\t\t\t<p><a href=\"https:\/\/lacteosdelprado.cl\/index.php\/2025\/11\/06\/lacteos-del-prado-habilito-sala-de-ventas-e-instalo-paneles-fotovoltaicos-con-recursos-del-gore\/\" class=\"alignnone rollover layzr-bg\" ><img decoding=\"async\" class=\"preload-me iso-lazy-load aspect\" src=\"data:image\/svg+xml,%3Csvg%20xmlns%3D&#39;http%3A%2F%2Fwww.w3.org%2F2000%2Fsvg&#39;%20viewBox%3D&#39;0%200%20555%20370&#39;%2F%3E\" data-src=\"https:\/\/lacteosdelprado.cl\/wp-content\/uploads\/2025\/11\/image1917-555x370.png\" data-srcset=\"https:\/\/lacteosdelprado.cl\/wp-content\/uploads\/2025\/11\/image1917-555x370.png 555w, https:\/\/lacteosdelprado.cl\/wp-content\/uploads\/2025\/11\/image1917-778x518.png 778w\" loading=\"eager\" style=\"--ratio: 555 \/ 370\" sizes=\"(max-width: 555px) 100vw, 555px\" alt=\"\" title=\"image(1917)\" width=\"555\" height=\"370\"  \/><\/a><\/p>\n\t\t\t<\/div>\n\n\t\t\n\t\t<div class=\"blog-content wf-td\">\n\t\t\t<h3 class=\"entry-title\"><a href=\"https:\/\/lacteosdelprado.cl\/index.php\/2025\/11\/06\/lacteos-del-prado-habilito-sala-de-ventas-e-instalo-paneles-fotovoltaicos-con-recursos-del-gore\/\" title=\"L\u00e1cteos del Prado habilit\u00f3 sala de ventas e instal\u00f3 paneles fotovoltaicos con recursos del GORE\" rel=\"bookmark\">L\u00e1cteos del Prado habilit\u00f3 sala de ventas e instal\u00f3 paneles fotovoltaicos con recursos del GORE<\/a><\/h3>\n\n\t\t\t<div class=\"entry-meta\"><span class=\"category-link\"><a href=\"https:\/\/lacteosdelprado.cl\/index.php\/category\/noticias\/\" >Noticias<\/a><\/span><a class=\"author vcard\" href=\"https:\/\/lacteosdelprado.cl\/index.php\/author\/lacteos\/\" title=\"View all posts by admin\" rel=\"author\">By <span class=\"fn\">admin<\/span><\/a><\/div>\n<a href=\"https:\/\/lacteosdelprado.cl\/index.php\/2025\/11\/06\/lacteos-del-prado-habilito-sala-de-ventas-e-instalo-paneles-fotovoltaicos-con-recursos-del-gore\/\" class=\"details more-link\" aria-label=\"Read more about L\u00e1cteos del Prado habilit\u00f3 sala de ventas e instal\u00f3 paneles fotovoltaicos con recursos del GORE\">Details<\/a>\n\n\t\t<\/div>\n\n\t<\/article>\n\n<\/div>\n<div class=\"wf-cell category-22\" data-post-id=\"1125\" data-date=\"2025-11-06T18:40:45+00:00\" data-name=\"Marca de Futrono se lleva dos medallas en primer encuentro internacional de quesos de Chile\">\n\t<article class=\"post post-1125 type-post status-publish format-standard has-post-thumbnail hentry category-noticias category-22 description-off\">\n\n\t\t\n\t\t\t<div class=\"blog-media wf-td\">\n\n\t\t\t\t<p><a href=\"https:\/\/lacteosdelprado.cl\/index.php\/2025\/11\/06\/marca-de-futrono-se-lleva-dos-medallas-en-primer-encuentro-internacional-de-quesos-de-chile\/\" class=\"alignnone rollover layzr-bg\" ><img decoding=\"async\" class=\"preload-me iso-lazy-load aspect\" src=\"data:image\/svg+xml,%3Csvg%20xmlns%3D&#39;http%3A%2F%2Fwww.w3.org%2F2000%2Fsvg&#39;%20viewBox%3D&#39;0%200%20555%20370&#39;%2F%3E\" data-src=\"https:\/\/lacteosdelprado.cl\/wp-content\/uploads\/2025\/11\/chanco-555x370.jpeg\" data-srcset=\"https:\/\/lacteosdelprado.cl\/wp-content\/uploads\/2025\/11\/chanco-555x370.jpeg 555w, https:\/\/lacteosdelprado.cl\/wp-content\/uploads\/2025\/11\/chanco-800x533.jpeg 800w\" loading=\"eager\" style=\"--ratio: 555 \/ 370\" sizes=\"(max-width: 555px) 100vw, 555px\" alt=\"\" title=\"chanco\" width=\"555\" height=\"370\"  \/><\/a><\/p>\n\t\t\t<\/div>\n\n\t\t\n\t\t<div class=\"blog-content wf-td\">\n\t\t\t<h3 class=\"entry-title\"><a href=\"https:\/\/lacteosdelprado.cl\/index.php\/2025\/11\/06\/marca-de-futrono-se-lleva-dos-medallas-en-primer-encuentro-internacional-de-quesos-de-chile\/\" title=\"Marca de Futrono se lleva dos medallas en primer encuentro internacional de quesos de Chile\" rel=\"bookmark\">Marca de Futrono se lleva dos medallas en primer encuentro internacional de quesos de Chile<\/a><\/h3>\n\n\t\t\t<div class=\"entry-meta\"><span class=\"category-link\"><a href=\"https:\/\/lacteosdelprado.cl\/index.php\/category\/noticias\/\" >Noticias<\/a><\/span><a class=\"author vcard\" href=\"https:\/\/lacteosdelprado.cl\/index.php\/author\/lacteos\/\" title=\"View all posts by admin\" rel=\"author\">By <span class=\"fn\">admin<\/span><\/a><\/div>\n<a href=\"https:\/\/lacteosdelprado.cl\/index.php\/2025\/11\/06\/marca-de-futrono-se-lleva-dos-medallas-en-primer-encuentro-internacional-de-quesos-de-chile\/\" class=\"details more-link\" aria-label=\"Read more about Marca de Futrono se lleva dos medallas en primer encuentro internacional de quesos de Chile\">Details<\/a>\n\n\t\t<\/div>\n\n\t<\/article>\n\n<\/div>\n<div class=\"wf-cell category-22\" data-post-id=\"139\" data-date=\"2016-07-18T18:57:43+00:00\" data-name=\"L\u00e1cteos del Prado, productos gourmet que nacen a orillas del lago Ranco\">\n\t<article class=\"post post-139 type-post status-publish format-standard has-post-thumbnail hentry category-noticias category-22 description-off\">\n\n\t\t\n\t\t\t<div class=\"blog-media wf-td\">\n\n\t\t\t\t<p><a href=\"https:\/\/lacteosdelprado.cl\/index.php\/2016\/07\/18\/sundays-of-gluten-free-pizzas\/\" class=\"alignnone rollover layzr-bg\" ><img decoding=\"async\" class=\"preload-me iso-lazy-load aspect\" src=\"data:image\/svg+xml,%3Csvg%20xmlns%3D&#39;http%3A%2F%2Fwww.w3.org%2F2000%2Fsvg&#39;%20viewBox%3D&#39;0%200%20555%20370&#39;%2F%3E\" data-src=\"https:\/\/lacteosdelprado.cl\/wp-content\/uploads\/2016\/07\/video-555x370.jpg\" data-srcset=\"https:\/\/lacteosdelprado.cl\/wp-content\/uploads\/2016\/07\/video-555x370.jpg 555w, https:\/\/lacteosdelprado.cl\/wp-content\/uploads\/2016\/07\/video-1081x721.jpg 1081w\" loading=\"eager\" style=\"--ratio: 555 \/ 370\" sizes=\"(max-width: 555px) 100vw, 555px\" alt=\"\" title=\"video\" width=\"555\" height=\"370\"  \/><\/a><\/p>\n\t\t\t<\/div>\n\n\t\t\n\t\t<div class=\"blog-content wf-td\">\n\t\t\t<h3 class=\"entry-title\"><a href=\"https:\/\/lacteosdelprado.cl\/index.php\/2016\/07\/18\/sundays-of-gluten-free-pizzas\/\" title=\"L\u00e1cteos del Prado, productos gourmet que nacen a orillas del lago Ranco\" rel=\"bookmark\">L\u00e1cteos del Prado, productos gourmet que nacen a orillas del lago Ranco<\/a><\/h3>\n\n\t\t\t<div class=\"entry-meta\"><span class=\"category-link\"><a href=\"https:\/\/lacteosdelprado.cl\/index.php\/category\/noticias\/\" >Noticias<\/a><\/span><a class=\"author vcard\" href=\"https:\/\/lacteosdelprado.cl\/index.php\/author\/lacteos\/\" title=\"View all posts by admin\" rel=\"author\">By <span class=\"fn\">admin<\/span><\/a><\/div>\n<a href=\"https:\/\/lacteosdelprado.cl\/index.php\/2016\/07\/18\/sundays-of-gluten-free-pizzas\/\" class=\"details more-link\" aria-label=\"Read more about L\u00e1cteos del Prado, productos gourmet que nacen a orillas del lago Ranco\">Details<\/a>\n\n\t\t<\/div>\n\n\t<\/article>\n\n<\/div>\n<div class=\"wf-cell category-22\" data-post-id=\"137\" data-date=\"2016-07-18T18:57:42+00:00\" data-name=\"L\u00e1cteos del Prado, innovaci\u00f3n en quesos gourmet y de autor\">\n\t<article class=\"post post-137 type-post status-publish format-standard has-post-thumbnail hentry category-noticias category-22 description-off\">\n\n\t\t\n\t\t\t<div class=\"blog-media wf-td\">\n\n\t\t\t\t<p><a href=\"https:\/\/lacteosdelprado.cl\/index.php\/2016\/07\/18\/the7s-review-cheep-but-not-cheap\/\" class=\"alignnone rollover layzr-bg\" ><img decoding=\"async\" class=\"preload-me iso-lazy-load aspect\" src=\"data:image\/svg+xml,%3Csvg%20xmlns%3D&#39;http%3A%2F%2Fwww.w3.org%2F2000%2Fsvg&#39;%20viewBox%3D&#39;0%200%20555%20370&#39;%2F%3E\" data-src=\"https:\/\/lacteosdelprado.cl\/wp-content\/uploads\/2016\/07\/jaime-555x370.jpg\" data-srcset=\"https:\/\/lacteosdelprado.cl\/wp-content\/uploads\/2016\/07\/jaime-555x370.jpg 555w, https:\/\/lacteosdelprado.cl\/wp-content\/uploads\/2016\/07\/jaime-1078x719.jpg 1078w\" loading=\"eager\" style=\"--ratio: 555 \/ 370\" sizes=\"(max-width: 555px) 100vw, 555px\" alt=\"\" title=\"xr:d:DAE2foH7Vik:8524,j:8171078820984427160,t:24032913\" width=\"555\" height=\"370\"  \/><\/a><\/p>\n\t\t\t<\/div>\n\n\t\t\n\t\t<div class=\"blog-content wf-td\">\n\t\t\t<h3 class=\"entry-title\"><a href=\"https:\/\/lacteosdelprado.cl\/index.php\/2016\/07\/18\/the7s-review-cheep-but-not-cheap\/\" title=\"L\u00e1cteos del Prado, innovaci\u00f3n en quesos gourmet y de autor\" rel=\"bookmark\">L\u00e1cteos del Prado, innovaci\u00f3n en quesos gourmet y de autor<\/a><\/h3>\n\n\t\t\t<div class=\"entry-meta\"><span class=\"category-link\"><a href=\"https:\/\/lacteosdelprado.cl\/index.php\/category\/noticias\/\" >Noticias<\/a><\/span><a class=\"author vcard\" href=\"https:\/\/lacteosdelprado.cl\/index.php\/author\/lacteos\/\" title=\"View all posts by admin\" rel=\"author\">By <span class=\"fn\">admin<\/span><\/a><\/div>\n<a href=\"https:\/\/lacteosdelprado.cl\/index.php\/2016\/07\/18\/the7s-review-cheep-but-not-cheap\/\" class=\"details more-link\" aria-label=\"Read more about L\u00e1cteos del Prado, innovaci\u00f3n en quesos gourmet y de autor\">Details<\/a>\n\n\t\t<\/div>\n\n\t<\/article>\n\n<\/div>\n<div class=\"wf-cell category-22\" data-post-id=\"136\" data-date=\"2016-07-18T18:57:39+00:00\" data-name=\"L\u00e1cteos del Prado: la empresa familiar futronina que desarrolla ricos quesos premium\">\n\t<article class=\"post post-136 type-post status-publish format-standard has-post-thumbnail hentry category-noticias category-22 description-off\">\n\n\t\t\n\t\t\t<div class=\"blog-media wf-td\">\n\n\t\t\t\t<p><a href=\"https:\/\/lacteosdelprado.cl\/index.php\/2016\/07\/18\/usa-restaurants-launches-menu-written-in-emojis\/\" class=\"alignnone rollover layzr-bg\" ><img decoding=\"async\" class=\"preload-me iso-lazy-load aspect\" src=\"data:image\/svg+xml,%3Csvg%20xmlns%3D&#39;http%3A%2F%2Fwww.w3.org%2F2000%2Fsvg&#39;%20viewBox%3D&#39;0%200%20555%20370&#39;%2F%3E\" data-src=\"https:\/\/lacteosdelprado.cl\/wp-content\/uploads\/2025\/11\/WhatsApp-Image-2023-08-25-at-4_57_18-PM-555x370.jpeg\" data-srcset=\"https:\/\/lacteosdelprado.cl\/wp-content\/uploads\/2025\/11\/WhatsApp-Image-2023-08-25-at-4_57_18-PM-555x370.jpeg 555w, https:\/\/lacteosdelprado.cl\/wp-content\/uploads\/2025\/11\/WhatsApp-Image-2023-08-25-at-4_57_18-PM-1110x740.jpeg 1110w\" loading=\"eager\" style=\"--ratio: 555 \/ 370\" sizes=\"(max-width: 555px) 100vw, 555px\" alt=\"\" title=\"WhatsApp Image 2023-08-25 at 4_57_18 PM\" width=\"555\" height=\"370\"  \/><\/a><\/p>\n\t\t\t<\/div>\n\n\t\t\n\t\t<div class=\"blog-content wf-td\">\n\t\t\t<h3 class=\"entry-title\"><a href=\"https:\/\/lacteosdelprado.cl\/index.php\/2016\/07\/18\/usa-restaurants-launches-menu-written-in-emojis\/\" title=\"L\u00e1cteos del Prado: la empresa familiar futronina que desarrolla ricos quesos premium\" rel=\"bookmark\">L\u00e1cteos del Prado: la empresa familiar futronina que desarrolla ricos quesos premium<\/a><\/h3>\n\n\t\t\t<div class=\"entry-meta\"><span class=\"category-link\"><a href=\"https:\/\/lacteosdelprado.cl\/index.php\/category\/noticias\/\" >Noticias<\/a><\/span><a class=\"author vcard\" href=\"https:\/\/lacteosdelprado.cl\/index.php\/author\/lacteos\/\" title=\"View all posts by admin\" rel=\"author\">By <span class=\"fn\">admin<\/span><\/a><\/div>\n<a href=\"https:\/\/lacteosdelprado.cl\/index.php\/2016\/07\/18\/usa-restaurants-launches-menu-written-in-emojis\/\" class=\"details more-link\" aria-label=\"Read more about L\u00e1cteos del Prado: la empresa familiar futronina que desarrolla ricos quesos premium\">Details<\/a>\n\n\t\t<\/div>\n\n\t<\/article>\n\n<\/div>\n<div class=\"wf-cell category-22\" data-post-id=\"135\" data-date=\"2016-07-18T18:57:37+00:00\" data-name=\"De Futrono al coraz\u00f3n del sur\">\n\t<article class=\"post post-135 type-post status-publish format-standard has-post-thumbnail hentry category-noticias category-22 description-off\">\n\n\t\t\n\t\t\t<div class=\"blog-media wf-td\">\n\n\t\t\t\t<p><a href=\"https:\/\/lacteosdelprado.cl\/index.php\/2016\/07\/18\/escape-the-heat-with-these-indoor-recipes\/\" class=\"alignnone rollover layzr-bg\" ><img decoding=\"async\" class=\"preload-me iso-lazy-load aspect\" src=\"data:image\/svg+xml,%3Csvg%20xmlns%3D&#39;http%3A%2F%2Fwww.w3.org%2F2000%2Fsvg&#39;%20viewBox%3D&#39;0%200%20324%20216&#39;%2F%3E\" data-src=\"https:\/\/lacteosdelprado.cl\/wp-content\/uploads\/2016\/07\/jaime2-324x216.png\" data-srcset=\"https:\/\/lacteosdelprado.cl\/wp-content\/uploads\/2016\/07\/jaime2-324x216.png 324w\" loading=\"eager\" style=\"--ratio: 324 \/ 216\" sizes=\"(max-width: 324px) 100vw, 324px\" alt=\"\" title=\"jaime2\" width=\"324\" height=\"216\"  \/><\/a><\/p>\n\t\t\t<\/div>\n\n\t\t\n\t\t<div class=\"blog-content wf-td\">\n\t\t\t<h3 class=\"entry-title\"><a href=\"https:\/\/lacteosdelprado.cl\/index.php\/2016\/07\/18\/escape-the-heat-with-these-indoor-recipes\/\" title=\"De Futrono al coraz\u00f3n del sur\" rel=\"bookmark\">De Futrono al coraz\u00f3n del sur<\/a><\/h3>\n\n\t\t\t<div class=\"entry-meta\"><span class=\"category-link\"><a href=\"https:\/\/lacteosdelprado.cl\/index.php\/category\/noticias\/\" >Noticias<\/a><\/span><a class=\"author vcard\" href=\"https:\/\/lacteosdelprado.cl\/index.php\/author\/lacteos\/\" title=\"View all posts by admin\" rel=\"author\">By <span class=\"fn\">admin<\/span><\/a><\/div>\n<a href=\"https:\/\/lacteosdelprado.cl\/index.php\/2016\/07\/18\/escape-the-heat-with-these-indoor-recipes\/\" class=\"details more-link\" aria-label=\"Read more about De Futrono al coraz\u00f3n del sur\">Details<\/a>\n\n\t\t<\/div>\n\n\t<\/article>\n\n<\/div>\n<div class=\"wf-cell category-22\" data-post-id=\"133\" data-date=\"2016-07-18T18:57:35+00:00\" data-name=\"Emprendimiento familiar \u00abL\u00e1cteos del Prado\u00bb inaugura nueva sala de ventas\">\n\t<article class=\"post post-133 type-post status-publish format-standard has-post-thumbnail hentry category-noticias category-22 description-off\">\n\n\t\t\n\t\t\t<div class=\"blog-media wf-td\">\n\n\t\t\t\t<p><a href=\"https:\/\/lacteosdelprado.cl\/index.php\/2016\/07\/18\/healthy-recipes-for-summer\/\" class=\"alignnone rollover layzr-bg\" ><img decoding=\"async\" class=\"preload-me iso-lazy-load aspect\" src=\"data:image\/svg+xml,%3Csvg%20xmlns%3D&#39;http%3A%2F%2Fwww.w3.org%2F2000%2Fsvg&#39;%20viewBox%3D&#39;0%200%20555%20370&#39;%2F%3E\" data-src=\"https:\/\/lacteosdelprado.cl\/wp-content\/uploads\/2016\/07\/inauguracion-555x370.jpg\" data-srcset=\"https:\/\/lacteosdelprado.cl\/wp-content\/uploads\/2016\/07\/inauguracion-555x370.jpg 555w, https:\/\/lacteosdelprado.cl\/wp-content\/uploads\/2016\/07\/inauguracion-1038x692.jpg 1038w\" loading=\"eager\" style=\"--ratio: 555 \/ 370\" sizes=\"(max-width: 555px) 100vw, 555px\" alt=\"\" title=\"inauguracion\" width=\"555\" height=\"370\"  \/><\/a><\/p>\n\t\t\t<\/div>\n\n\t\t\n\t\t<div class=\"blog-content wf-td\">\n\t\t\t<h3 class=\"entry-title\"><a href=\"https:\/\/lacteosdelprado.cl\/index.php\/2016\/07\/18\/healthy-recipes-for-summer\/\" title=\"Emprendimiento familiar \u00abL\u00e1cteos del Prado\u00bb inaugura nueva sala de ventas\" rel=\"bookmark\">Emprendimiento familiar \u00abL\u00e1cteos del Prado\u00bb inaugura nueva sala de ventas<\/a><\/h3>\n\n\t\t\t<div class=\"entry-meta\"><span class=\"category-link\"><a href=\"https:\/\/lacteosdelprado.cl\/index.php\/category\/noticias\/\" >Noticias<\/a><\/span><a class=\"author vcard\" href=\"https:\/\/lacteosdelprado.cl\/index.php\/author\/lacteos\/\" title=\"View all posts by admin\" rel=\"author\">By <span class=\"fn\">admin<\/span><\/a><\/div>\n<a href=\"https:\/\/lacteosdelprado.cl\/index.php\/2016\/07\/18\/healthy-recipes-for-summer\/\" class=\"details more-link\" aria-label=\"Read more about Emprendimiento familiar \u00abL\u00e1cteos del Prado\u00bb inaugura nueva sala de ventas\">Details<\/a>\n\n\t\t<\/div>\n\n\t<\/article>\n\n<\/div><\/div><\/div>[\/vc_column][\/vc_row][vc_row full_width=\u00bbstretch_row\u00bb bg_type=\u00bbbg_color\u00bb bg_override=\u00bbex-full\u00bb type=\u00bbvc_default\u00bb css=\u00bb.vc_custom_1474233069661{margin-bottom: -60px !important;padding-top: 80px !important;padding-bottom: 60px !important;}\u00bb bg_color_value=\u00bb#131313&#8243;][vc_column css=\u00bb.vc_custom_1460570299912{padding-bottom: 40px !important;}\u00bb][vc_single_image image=\u00bb1105&#8243; img_size=\u00bb300&#215;300&#8243; alignment=\u00bbcenter\u00bb css_animation=\u00bbfadeInUp\u00bb css=\u00bb.vc_custom_1762724189897{padding-bottom: 10px !important;}\u00bb][\/vc_column][vc_column css=\u00bb.vc_custom_1460570841666{padding-bottom: 20px !important;}\u00bb]<div class=\" uavc-icons-center uavc-icons \">\n<a class=\"aio-tooltip 69f15fcd177f2\" href=\"#\"  data-toggle=\"tooltip\" data-placement=\"\" title=\"\"><div class=\"aio-icon circle \" data-animation=\"\" data-animation-delay=\"03\" style=\"color:#131313;background:#f7f7f7;font-size:18px;margin-right:5px;\">\n\t<i class=\"icomoon-free-social-contact-16x16-facebook\"><\/i>\n<\/div><\/a>\n<a class=\"aio-tooltip 69f15fcd17816\" href=\"#\"  data-toggle=\"tooltip\" data-placement=\"\" title=\"\"><div class=\"aio-icon circle \" data-animation=\"\" data-animation-delay=\"03\" style=\"color:#131313;background:#f7f7f7;font-size:18px;margin-right:5px;\">\n\t<i class=\"icomoon-free-social-contact-16x16-twitter\"><\/i>\n<\/div><\/a>\n<a class=\"aio-tooltip 69f15fcd17824\" href=\"#\"  data-toggle=\"tooltip\" data-placement=\"\" title=\"\"><div class=\"aio-icon circle \" data-animation=\"\" data-animation-delay=\"03\" style=\"color:#131313;background:#f7f7f7;font-size:18px;margin-right:5px;\">\n\t<i class=\"icomoon-free-social-contact-16x16-instagram\"><\/i>\n<\/div><\/a>\n<a class=\"aio-tooltip 69f15fcd1782f\" href=\"#\"  data-toggle=\"tooltip\" data-placement=\"\" title=\"\"><div class=\"aio-icon circle \" data-animation=\"\" data-animation-delay=\"03\" style=\"color:#131313;background:#f7f7f7;font-size:18px;margin-right:5px;\">\n\t<i class=\"icomoon-free-social-contact-16x16-pinterest\"><\/i>\n<\/div><\/a><\/div>[\/vc_column][vc_column css=\u00bb.vc_custom_1469282395397{padding-top: 10px !important;padding-bottom: 5px !important;}\u00bb]<div id=\"ultimate-heading-225369f15fcd17860\" class=\"uvc-heading ult-adjust-bottom-margin ultimate-heading-225369f15fcd17860 uvc-2049 \" data-hspacer=\"no_spacer\"  data-halign=\"center\" style=\"text-align:center\"><div class=\"uvc-heading-spacer no_spacer\" style=\"top\"><\/div><div class=\"uvc-sub-heading ult-responsive\"  data-ultimate-target='.uvc-heading.ultimate-heading-225369f15fcd17860 .uvc-sub-heading '  data-responsive-json-new='{\"font-size\":\"desktop:15px;\",\"line-height\":\"desktop:22px;\"}'  style=\"font-family:&#039;Poppins&#039;;font-weight:normal;font-style:normal;color:#a0a0a0;\">Sitio Web desarrollado por Agencia <a href=\"http:\/\/www.ambienteweb.cl\">Ambiente Web<\/a><\/div><\/div>[\/vc_column][\/vc_row]<\/p>\n<\/div>","protected":false},"excerpt":{"rendered":"<p>[vc_row type=\u00bbvc_default\u00bb css=\u00bb.vc_custom_1474233059332{padding-bottom: 70px !important;}\u00bb][vc_column][\/vc_column][\/vc_row][vc_row full_width=\u00bbstretch_row\u00bb bg_type=\u00bbbg_color\u00bb bg_override=\u00bbex-full\u00bb type=\u00bbvc_default\u00bb css=\u00bb.vc_custom_1474233069661{margin-bottom: -60px !important;padding-top: 80px !important;padding-bottom: 60px !important;}\u00bb bg_color_value=\u00bb#131313&#8243;][vc_column css=\u00bb.vc_custom_1460570299912{padding-bottom: 40px !important;}\u00bb][vc_single_image image=\u00bb1105&#8243; img_size=\u00bb300&#215;300&#8243; alignment=\u00bbcenter\u00bb css_animation=\u00bbfadeInUp\u00bb css=\u00bb.vc_custom_1762724189897{padding-bottom: 10px !important;}\u00bb][\/vc_column][vc_column css=\u00bb.vc_custom_1460570841666{padding-bottom: 20px !important;}\u00bb][\/vc_column][vc_column css=\u00bb.vc_custom_1469282395397{padding-top: 10px !important;padding-bottom: 5px !important;}\u00bb][\/vc_column][\/vc_row]<\/p>\n","protected":false},"author":1,"featured_media":0,"parent":0,"menu_order":4,"comment_status":"closed","ping_status":"closed","template":"","meta":{"footnotes":""},"class_list":["post-54","page","type-page","status-publish","hentry","description-off"],"_links":{"self":[{"href":"https:\/\/lacteosdelprado.cl\/index.php\/wp-json\/wp\/v2\/pages\/54","targetHints":{"allow":["GET"]}}],"collection":[{"href":"https:\/\/lacteosdelprado.cl\/index.php\/wp-json\/wp\/v2\/pages"}],"about":[{"href":"https:\/\/lacteosdelprado.cl\/index.php\/wp-json\/wp\/v2\/types\/page"}],"author":[{"embeddable":true,"href":"https:\/\/lacteosdelprado.cl\/index.php\/wp-json\/wp\/v2\/users\/1"}],"replies":[{"embeddable":true,"href":"https:\/\/lacteosdelprado.cl\/index.php\/wp-json\/wp\/v2\/comments?post=54"}],"version-history":[{"count":5,"href":"https:\/\/lacteosdelprado.cl\/index.php\/wp-json\/wp\/v2\/pages\/54\/revisions"}],"predecessor-version":[{"id":1163,"href":"https:\/\/lacteosdelprado.cl\/index.php\/wp-json\/wp\/v2\/pages\/54\/revisions\/1163"}],"wp:attachment":[{"href":"https:\/\/lacteosdelprado.cl\/index.php\/wp-json\/wp\/v2\/media?parent=54"}],"curies":[{"name":"wp","href":"https:\/\/api.w.org\/{rel}","templated":true}]}}