{"id":33,"date":"2016-07-12T14:22:14","date_gmt":"2016-07-12T13:22:14","guid":{"rendered":"https:\/\/lacteosdelprado.cl\/index.php\/about-us\/"},"modified":"2025-11-10T00:35:59","modified_gmt":"2025-11-10T00:35:59","slug":"about-us","status":"publish","type":"page","link":"https:\/\/lacteosdelprado.cl\/index.php\/about-us\/","title":{"rendered":"Acerca de"},"content":{"rendered":"<div class=\"wpb-content-wrapper\"><p>[vc_row type=\u00bbvc_default\u00bb css=\u00bb.vc_custom_1474232685932{padding-top: 10px !important;padding-bottom: 20px !important;}\u00bb][vc_column width=\u00bb1\/2&#8243; css=\u00bb.vc_custom_1469281915280{padding-bottom: 60px !important;}\u00bb]<div id=\"ultimate-heading-460669f15dba94deb\" class=\"uvc-heading ult-adjust-bottom-margin ultimate-heading-460669f15dba94deb uvc-5559 \" data-hspacer=\"no_spacer\"  data-halign=\"left\" style=\"text-align:left\"><div class=\"uvc-heading-spacer no_spacer\" style=\"top\"><\/div><div class=\"uvc-main-heading ult-responsive\"  data-ultimate-target='.uvc-heading.ultimate-heading-460669f15dba94deb h2'  data-responsive-json-new='{\"font-size\":\"desktop:40px;\",\"line-height\":\"desktop:45px;\"}' ><h2 style=\"font-family:&#039;Great Vibes&#039;;--font-weight:theme;color:#c5ab6b;\">Acerca de<\/h2><\/div><div class=\"uvc-sub-heading ult-responsive\"  data-ultimate-target='.uvc-heading.ultimate-heading-460669f15dba94deb .uvc-sub-heading '  data-responsive-json-new='{\"font-size\":\"desktop:35px;\",\"line-height\":\"desktop:40px;\"}'  style=\"font-family:&#039;Poppins&#039;;font-weight:normal;color:#303030;margin-bottom:20px;\">L\u00e1cteos Del Prado<\/div><\/div>[vc_column_text css=\u00bb\u00bb]Es una empresa familiar desarrollada por <strong>Viviana Gonzalez<\/strong>&nbsp;junto a su esposo&nbsp;<strong>Jaime Prado<\/strong>, quienes gracias a los conocimientos de Viviana como t\u00e9cnica en industria alimentaria y producci\u00f3n de queso, comienzan a experimentar desde casa.[\/vc_column_text][\/vc_column][vc_column width=\u00bb1\/2&#8243; css=\u00bb.vc_custom_1469281920193{padding-bottom: 60px !important;}\u00bb]<div id=\"ultimate-heading-185469f15dba94e3e\" class=\"uvc-heading ult-adjust-bottom-margin ultimate-heading-185469f15dba94e3e uvc-1917 \" data-hspacer=\"no_spacer\"  data-halign=\"left\" style=\"text-align:left\"><div class=\"uvc-heading-spacer no_spacer\" style=\"top\"><\/div><div class=\"uvc-main-heading ult-responsive\"  data-ultimate-target='.uvc-heading.ultimate-heading-185469f15dba94e3e h2'  data-responsive-json-new='{\"font-size\":\"desktop:40px;\",\"line-height\":\"desktop:45px;\"}' ><h2 style=\"font-family:&#039;Great Vibes&#039;;--font-weight:theme;color:#c5ab6b;\">Nuestra<\/h2><\/div><div class=\"uvc-sub-heading ult-responsive\"  data-ultimate-target='.uvc-heading.ultimate-heading-185469f15dba94e3e .uvc-sub-heading '  data-responsive-json-new='{\"font-size\":\"desktop:35px;\",\"line-height\":\"desktop:40px;\"}'  style=\"font-family:&#039;Poppins&#039;;font-weight:normal;color:#303030;margin-bottom:20px;\">MISION<\/div><\/div>[vc_column_text css=\u00bb\u00bb]<\/p>\n<p style=\"text-align: left;\">Elaborar productos l\u00e1cteos y quesos artesanales del sur de Chile con calidad, sabor y tradici\u00f3n, impulsando el crecimiento sostenible de nuestro emprendimiento familiar y llevando el aut\u00e9ntico sabor sure\u00f1o a cada rinc\u00f3n del pa\u00eds<\/p>\n<p>[\/vc_column_text][\/vc_column][\/vc_row][vc_row bg_type=\u00bbbg_color\u00bb bg_override=\u00bbex-full\u00bb type=\u00bbvc_default\u00bb css=\u00bb.vc_custom_1469196819021{padding-top: 90px !important;padding-bottom: 40px !important;}\u00bb bg_color_value=\u00bb#f4f4f4&#8243;][vc_column css=\u00bb.vc_custom_1469185140913{padding-bottom: 20px !important;}\u00bb]<div id=\"ultimate-heading-575169f15dba94e71\" class=\"uvc-heading ult-adjust-bottom-margin ultimate-heading-575169f15dba94e71 uvc-1997  uvc-heading-default-font-sizes\" data-hspacer=\"no_spacer\"  data-halign=\"center\" style=\"text-align:center\"><div class=\"uvc-heading-spacer no_spacer\" style=\"top\"><\/div><div class=\"uvc-main-heading ult-responsive\"  data-ultimate-target='.uvc-heading.ultimate-heading-575169f15dba94e71 h1'  data-responsive-json-new='{\"font-size\":\"\",\"line-height\":\"\"}' ><h1 style=\"font-family:&#039;Great Vibes&#039;;--font-weight:theme;color:#DD9933;\">Nuestra historia<\/h1><\/div><\/div>[vc_column_text css=\u00bb\u00bb]\u201cEmpezaron de a poco en la cocina de su casa, en una olla, creando un par de quesos y yogures que los vend\u00edan a sus amigos y vecinos, con ello fueron mejorando su receta, hasta que pudieron juntar los fondos necesarios para abrir su propia f\u00e1brica en el a\u00f1o 2015\u201d.<\/p>\n<p>De esta forma dieron el salto con la receta ideal y las buenas opiniones de sus clientes, pasando de 200 litros de leche a 1.200 litros para la producci\u00f3n de quesos, comprando los insumos necesarios para aumentar su producci\u00f3n.<\/p>\n<p>Con su resoluci\u00f3n sanitaria y todos los permisos necesarios para su crecimiento, la pareja emprendedora continu\u00f3 innovando en sus recetas para entregar un producto \u201cgourmet\u201d y novedoso, todo este desarrollo de cara al cuidado de su familia y los trabajos profesionales en que se desempe\u00f1aban.<\/p>\n<p>Hoy \u00abL\u00e1cteos del Prado\u00bb cuenta con m\u00e1s de 15 diferentes productos entre los que se destacan quesos mantecosos, ahumados, maduros y un queso al estilo franc\u00e9s \u201cMorbier\u201d junto a yogures, cremosos y libres de lactosa.<\/p>\n<p>Adem\u00e1s, cuentan con su l\u00ednea exclusiva de \u201cAutor\u201d, con tres variedades, \u201cCapa Negra\u201d, un queso de 60 d\u00edas de maduraci\u00f3n, con una cubierta de caf\u00e9 tostado colombiano y que se inspira y honra a la gente de campo de cuenca del Ranco, y \u201dCapa Roja\u201d un queso de semejantes caracter\u00edsticas con cobertura de aj\u00ed picante.[\/vc_column_text][vc_single_image image=\u00bb1035&#8243; img_size=\u00bblarge\u00bb alignment=\u00bbcenter\u00bb css=\u00bb\u00bb]<style type=\"text\/css\" data-type=\"the7_shortcodes-inline-css\">.gallery-carousel-shortcode.gallery-carousel-shortcode-id-7a27e15b1a5520a94d3f6c2c8d814f4c.owl-carousel .owl-nav div {\n  width: 36px;\n  height: 36px;\n  border-radius: 500px;\n}\n.dt-arrow-border-on.gallery-carousel-shortcode.gallery-carousel-shortcode-id-7a27e15b1a5520a94d3f6c2c8d814f4c.owl-carousel .owl-nav div:not(:hover):before {\n  border-width: 0px;\n}\n.dt-arrow-hover-border-on.gallery-carousel-shortcode.gallery-carousel-shortcode-id-7a27e15b1a5520a94d3f6c2c8d814f4c.owl-carousel .owl-nav div:hover:after {\n  border-width: 0px;\n}\n.gallery-carousel-shortcode.gallery-carousel-shortcode-id-7a27e15b1a5520a94d3f6c2c8d814f4c.owl-carousel .owl-nav div.owl-prev {\n  top: 50%;\n  transform: translateY(calc(-50% + 0px));\n  left: -43px;\n}\n@media all and (-ms-high-contrast: none) {\n  .gallery-carousel-shortcode.gallery-carousel-shortcode-id-7a27e15b1a5520a94d3f6c2c8d814f4c.owl-carousel .owl-nav div.owl-prev {\n    transform: translateY(-50%);\n    margin-top: 0px;\n  }\n}\n.gallery-carousel-shortcode.gallery-carousel-shortcode-id-7a27e15b1a5520a94d3f6c2c8d814f4c.owl-carousel .owl-nav div.owl-prev i {\n  padding: 0px 0px 0px 0px;\n}\n.gallery-carousel-shortcode.gallery-carousel-shortcode-id-7a27e15b1a5520a94d3f6c2c8d814f4c.owl-carousel .owl-nav div.owl-next {\n  top: 50%;\n  transform: translateY(calc(-50% + 0px));\n  right: -43px;\n}\n@media all and (-ms-high-contrast: none) {\n  .gallery-carousel-shortcode.gallery-carousel-shortcode-id-7a27e15b1a5520a94d3f6c2c8d814f4c.owl-carousel .owl-nav div.owl-next {\n    transform: translateY(-50%);\n    margin-top: 0px;\n  }\n}\n.gallery-carousel-shortcode.gallery-carousel-shortcode-id-7a27e15b1a5520a94d3f6c2c8d814f4c.owl-carousel .owl-nav div.owl-next i {\n  padding: 0px 0px 0px 0px;\n}\n.gallery-carousel-shortcode.gallery-carousel-shortcode-id-7a27e15b1a5520a94d3f6c2c8d814f4c.owl-carousel .owl-nav i {\n  font-size: 18px;\n}\n.gallery-carousel-shortcode.gallery-carousel-shortcode-id-7a27e15b1a5520a94d3f6c2c8d814f4c.owl-carousel .owl-nav div:not(:hover) i,\n.gallery-carousel-shortcode.gallery-carousel-shortcode-id-7a27e15b1a5520a94d3f6c2c8d814f4c.owl-carousel .owl-nav div:not(:hover) i:before {\n  color: #ffffff;\n  background: none;\n}\n.gallery-carousel-shortcode.gallery-carousel-shortcode-id-7a27e15b1a5520a94d3f6c2c8d814f4c.owl-carousel .owl-nav div:hover i,\n.gallery-carousel-shortcode.gallery-carousel-shortcode-id-7a27e15b1a5520a94d3f6c2c8d814f4c.owl-carousel .owl-nav div:hover i:before {\n  color: rgba(255,255,255,0.75);\n  background: none;\n}\n.gallery-carousel-shortcode.gallery-carousel-shortcode-id-7a27e15b1a5520a94d3f6c2c8d814f4c .owl-dots {\n  top: calc(100% + 20px);\n  left: 50%;\n  transform: translateX(calc(-50% + 0px));\n}\n@media all and (-ms-high-contrast: none) {\n  .gallery-carousel-shortcode.gallery-carousel-shortcode-id-7a27e15b1a5520a94d3f6c2c8d814f4c .owl-dots {\n    transform: translateX(-50%);\n    margin-left: 0px;\n  }\n}\n.gallery-carousel-shortcode.gallery-carousel-shortcode-id-7a27e15b1a5520a94d3f6c2c8d814f4c .owl-dot {\n  width: 10px;\n  height: 10px;\n  margin: 0 8px;\n}\n@media screen and (max-width: 778px) {\n  .gallery-carousel-shortcode.gallery-carousel-shortcode-id-7a27e15b1a5520a94d3f6c2c8d814f4c.hide-arrows .owl-nav a {\n    display: none;\n  }\n}\n@media screen and (max-width: 778px) {\n  .gallery-carousel-shortcode.gallery-carousel-shortcode-id-7a27e15b1a5520a94d3f6c2c8d814f4c.reposition-arrows .owl-nav div.owl-prev {\n    top: 50%;\n    transform: translateY(calc(-50% + 0px));\n    left: 10px;\n  }\n  .gallery-carousel-shortcode.gallery-carousel-shortcode-id-7a27e15b1a5520a94d3f6c2c8d814f4c.reposition-arrows .owl-nav div.owl-next {\n    top: 50%;\n    transform: translateY(calc(-50% + 0px));\n    right: 10px;\n  }\n}\n@media screen and (max-width: 778px) and all and (-ms-high-contrast: none) {\n  .gallery-carousel-shortcode.gallery-carousel-shortcode-id-7a27e15b1a5520a94d3f6c2c8d814f4c.reposition-arrows .owl-nav div.owl-prev {\n    transform: translateY(-50%);\n    margin-top: 0px;\n  }\n}\n@media screen and (max-width: 778px) and all and (-ms-high-contrast: none) {\n  .gallery-carousel-shortcode.gallery-carousel-shortcode-id-7a27e15b1a5520a94d3f6c2c8d814f4c.reposition-arrows .owl-nav div.owl-next {\n    transform: translateY(-50%);\n    margin-top: 0px;\n  }\n}\n.gallery-carousel-shortcode.gallery-carousel-shortcode-id-7a27e15b1a5520a94d3f6c2c8d814f4c figure,\n.gallery-carousel-shortcode.gallery-carousel-shortcode-id-7a27e15b1a5520a94d3f6c2c8d814f4c .rollover,\n.gallery-carousel-shortcode.gallery-carousel-shortcode-id-7a27e15b1a5520a94d3f6c2c8d814f4c img,\n.gallery-carousel-shortcode.gallery-carousel-shortcode-id-7a27e15b1a5520a94d3f6c2c8d814f4c .gallery-rollover {\n  border-radius: 0px;\n}\n.gallery-carousel-shortcode.gallery-carousel-shortcode-id-7a27e15b1a5520a94d3f6c2c8d814f4c.enable-bg-rollover .gallery-rollover {\n  background: -webkit-linear-gradient();\n  background: linear-gradient();\n}\n.gallery-carousel-shortcode.gallery-carousel-shortcode-id-7a27e15b1a5520a94d3f6c2c8d814f4c.enable-img-shadow .owl-stage-outer {\n  padding: 14px 0;\n}\n.gallery-carousel-shortcode.gallery-carousel-shortcode-id-7a27e15b1a5520a94d3f6c2c8d814f4c.enable-bg-rollover.hover-scale figure .rollover:after {\n  background: -webkit-linear-gradient();\n  background: linear-gradient();\n}\n.gallery-carousel-shortcode.gallery-carousel-shortcode-id-7a27e15b1a5520a94d3f6c2c8d814f4c.gallery-shortcode .gallery-zoom-ico {\n  width: 44px;\n  height: 44px;\n  line-height: 44px;\n  border-radius: 100px;\n  margin: -22px 0 0 -22px;\n  border-width: 0px;\n}\n.dt-icon-bg-on.gallery-carousel-shortcode.gallery-carousel-shortcode-id-7a27e15b1a5520a94d3f6c2c8d814f4c.gallery-shortcode .gallery-zoom-ico {\n  background: rgba(255,255,255,0.3);\n  box-shadow: none;\n}\n.gallery-carousel-shortcode.gallery-carousel-shortcode-id-7a27e15b1a5520a94d3f6c2c8d814f4c.gallery-shortcode .gallery-zoom-ico:before,\n.gallery-carousel-shortcode.gallery-carousel-shortcode-id-7a27e15b1a5520a94d3f6c2c8d814f4c.gallery-shortcode .gallery-zoom-ico span {\n  font-size: 32px;\n  line-height: 44px;\n  color: #ffffff;\n  background: none;\n}<\/style><div class=\"owl-carousel gallery-carousel-shortcode gallery-shortcode  dt-gallery-container dt-owl-carousel-call gallery-carousel-shortcode-id-7a27e15b1a5520a94d3f6c2c8d814f4c quick-scale-img enable-bg-rollover meta-info-off dt-arrow-border-on dt-arrow-hover-border-on bullets-small-dot-stroke reposition-arrows dt-icon-bg-off arrows-bg-on disable-arrows-hover-bg arrows-hover-bg-on  hover-fade \" data-scroll-mode=\"1\" data-col-num=\"6\" data-wide-col-num=\"6\" data-laptop-col=\"5\" data-h-tablet-columns-num=\"4\" data-v-tablet-columns-num=\"3\" data-phone-columns-num=\"1\" data-col-gap=\"10\" data-stage-padding=\"0\" data-speed=\"600\" data-autoplay=\"false\" data-autoplay_speed=\"6000\" data-arrows=\"true\" data-bullet=\"false\" data-next-icon=\"icon-ar-017-r\" data-prev-icon=\"icon-ar-017-l\" data-img-shadow-size=\"12px\" data-img-shadow-spread=\"3px\"><div data-post-id=\"1122\" data-date=\"2025-11-06T18:37:21+00:00\" data-name=\"inauguracion\"><figure class=\"post\"><a href=\"https:\/\/lacteosdelprado.cl\/wp-content\/uploads\/2016\/07\/inauguracion.jpg\" class=\"rollover dt-pswp-item layzr-bg\" data-large_image_width=\"1536\" data-large_image_height=\"692\" data-dt-img-description=\"\" title=\"inauguracion\"><img fetchpriority=\"high\" decoding=\"async\" class=\"preload-me owl-lazy-load aspect\" src=\"data:image\/svg+xml,%3Csvg%20xmlns%3D&#39;http%3A%2F%2Fwww.w3.org%2F2000%2Fsvg&#39;%20viewBox%3D&#39;0%200%20692%20692&#39;%2F%3E\" data-src=\"https:\/\/lacteosdelprado.cl\/wp-content\/uploads\/2016\/07\/inauguracion-692x692.jpg\" data-srcset=\"https:\/\/lacteosdelprado.cl\/wp-content\/uploads\/2016\/07\/inauguracion-692x692.jpg 692w\" loading=\"eager\" style=\"--ratio: 692 \/ 692\" sizes=\"(max-width: 692px) 100vw, 692px\" alt=\"\" width=\"692\" height=\"692\"  \/><span class=\"gallery-rollover\"><span class=\"gallery-zoom-ico icomoon-the7-font-the7-zoom-06\"><span><\/span><\/span><\/span><\/a><\/figure><\/div><div data-post-id=\"1034\" data-date=\"2025-11-06T03:08:10+00:00\" data-name=\"WhatsApp Image 2023-08-25 at 4_57_18 PM\"><figure class=\"post\"><a href=\"https:\/\/lacteosdelprado.cl\/wp-content\/uploads\/2025\/11\/WhatsApp-Image-2023-08-25-at-4_57_18-PM.jpeg\" class=\"rollover dt-pswp-item layzr-bg\" data-large_image_width=\"1600\" data-large_image_height=\"1200\" data-dt-img-description=\"\" title=\"WhatsApp Image 2023-08-25 at 4_57_18 PM\"><img decoding=\"async\" class=\"preload-me owl-lazy-load aspect\" src=\"data:image\/svg+xml,%3Csvg%20xmlns%3D&#39;http%3A%2F%2Fwww.w3.org%2F2000%2Fsvg&#39;%20viewBox%3D&#39;0%200%201200%201200&#39;%2F%3E\" data-src=\"https:\/\/lacteosdelprado.cl\/wp-content\/uploads\/2025\/11\/WhatsApp-Image-2023-08-25-at-4_57_18-PM-1200x1200.jpeg\" data-srcset=\"https:\/\/lacteosdelprado.cl\/wp-content\/uploads\/2025\/11\/WhatsApp-Image-2023-08-25-at-4_57_18-PM-1200x1200.jpeg 1200w\" loading=\"eager\" style=\"--ratio: 1200 \/ 1200\" sizes=\"(max-width: 1200px) 100vw, 1200px\" alt=\"\" width=\"1200\" height=\"1200\"  \/><span class=\"gallery-rollover\"><span class=\"gallery-zoom-ico icomoon-the7-font-the7-zoom-06\"><span><\/span><\/span><\/span><\/a><\/figure><\/div><div data-post-id=\"1087\" data-date=\"2025-11-06T16:45:56+00:00\" data-name=\"video\"><figure class=\"post\"><a href=\"https:\/\/lacteosdelprado.cl\/wp-content\/uploads\/2016\/07\/video.jpg\" class=\"rollover dt-pswp-item layzr-bg\" data-large_image_width=\"1277\" data-large_image_height=\"721\" data-dt-img-description=\"\" title=\"video\"><img decoding=\"async\" class=\"preload-me owl-lazy-load aspect\" src=\"data:image\/svg+xml,%3Csvg%20xmlns%3D&#39;http%3A%2F%2Fwww.w3.org%2F2000%2Fsvg&#39;%20viewBox%3D&#39;0%200%20721%20721&#39;%2F%3E\" data-src=\"https:\/\/lacteosdelprado.cl\/wp-content\/uploads\/2016\/07\/video-721x721.jpg\" data-srcset=\"https:\/\/lacteosdelprado.cl\/wp-content\/uploads\/2016\/07\/video-721x721.jpg 721w\" loading=\"eager\" style=\"--ratio: 721 \/ 721\" sizes=\"(max-width: 721px) 100vw, 721px\" alt=\"\" width=\"721\" height=\"721\"  \/><span class=\"gallery-rollover\"><span class=\"gallery-zoom-ico icomoon-the7-font-the7-zoom-06\"><span><\/span><\/span><\/span><\/a><\/figure><\/div><div data-post-id=\"1102\" data-date=\"2025-11-06T17:57:59+00:00\" data-name=\"20250601_115808\"><figure class=\"post\"><a href=\"https:\/\/lacteosdelprado.cl\/wp-content\/uploads\/2025\/11\/20250601_115808-scaled.jpg\" class=\"rollover dt-pswp-item layzr-bg\" data-large_image_width=\"2560\" data-large_image_height=\"1196\" data-dt-img-description=\"\" title=\"20250601_115808\"><img decoding=\"async\" class=\"preload-me owl-lazy-load aspect\" src=\"data:image\/svg+xml,%3Csvg%20xmlns%3D&#39;http%3A%2F%2Fwww.w3.org%2F2000%2Fsvg&#39;%20viewBox%3D&#39;0%200%201196%201196&#39;%2F%3E\" data-src=\"https:\/\/lacteosdelprado.cl\/wp-content\/uploads\/2025\/11\/20250601_115808-scaled-1196x1196.jpg\" data-srcset=\"https:\/\/lacteosdelprado.cl\/wp-content\/uploads\/2025\/11\/20250601_115808-scaled-1196x1196.jpg 1196w\" loading=\"eager\" style=\"--ratio: 1196 \/ 1196\" sizes=\"(max-width: 1196px) 100vw, 1196px\" alt=\"\" width=\"1196\" height=\"1196\"  \/><span class=\"gallery-rollover\"><span class=\"gallery-zoom-ico icomoon-the7-font-the7-zoom-06\"><span><\/span><\/span><\/span><\/a><\/figure><\/div><div data-post-id=\"1150\" data-date=\"2025-11-09T21:48:49+00:00\" data-name=\"1000019151\"><figure class=\"post\"><a href=\"https:\/\/lacteosdelprado.cl\/wp-content\/uploads\/2025\/11\/1000019151-scaled.jpg\" class=\"rollover dt-pswp-item layzr-bg\" data-large_image_width=\"2560\" data-large_image_height=\"2560\" data-dt-img-description=\"\" title=\"1000019151\"><img decoding=\"async\" class=\"preload-me owl-lazy-load aspect\" src=\"data:image\/svg+xml,%3Csvg%20xmlns%3D&#39;http%3A%2F%2Fwww.w3.org%2F2000%2Fsvg&#39;%20viewBox%3D&#39;0%200%202560%202560&#39;%2F%3E\" data-src=\"https:\/\/lacteosdelprado.cl\/wp-content\/uploads\/2025\/11\/1000019151-scaled.jpg\" data-srcset=\"https:\/\/lacteosdelprado.cl\/wp-content\/uploads\/2025\/11\/1000019151-scaled.jpg 2560w\" loading=\"eager\" style=\"--ratio: 2560 \/ 2560\" sizes=\"(max-width: 2560px) 100vw, 2560px\" alt=\"\" width=\"2560\" height=\"2560\"  \/><span class=\"gallery-rollover\"><span class=\"gallery-zoom-ico icomoon-the7-font-the7-zoom-06\"><span><\/span><\/span><\/span><\/a><\/figure><\/div><div data-post-id=\"1116\" data-date=\"2025-11-06T18:30:10+00:00\" data-name=\"xr:d:DAE2foH7Vik:8524,j:8171078820984427160,t:24032913\"><figure class=\"post\"><a href=\"https:\/\/lacteosdelprado.cl\/wp-content\/uploads\/2016\/07\/jaime.jpg\" class=\"rollover dt-pswp-item layzr-bg\" data-large_image_width=\"1200\" data-large_image_height=\"719\" data-dt-img-description=\"\" title=\"xr:d:DAE2foH7Vik:8524,j:8171078820984427160,t:24032913\"><img decoding=\"async\" class=\"preload-me owl-lazy-load aspect\" src=\"data:image\/svg+xml,%3Csvg%20xmlns%3D&#39;http%3A%2F%2Fwww.w3.org%2F2000%2Fsvg&#39;%20viewBox%3D&#39;0%200%20719%20719&#39;%2F%3E\" data-src=\"https:\/\/lacteosdelprado.cl\/wp-content\/uploads\/2016\/07\/jaime-719x719.jpg\" data-srcset=\"https:\/\/lacteosdelprado.cl\/wp-content\/uploads\/2016\/07\/jaime-719x719.jpg 719w\" loading=\"eager\" style=\"--ratio: 719 \/ 719\" sizes=\"(max-width: 719px) 100vw, 719px\" alt=\"\" width=\"719\" height=\"719\"  \/><span class=\"gallery-rollover\"><span class=\"gallery-zoom-ico icomoon-the7-font-the7-zoom-06\"><span><\/span><\/span><\/span><\/a><\/figure><\/div><div data-post-id=\"1081\" data-date=\"2025-11-06T04:32:52+00:00\" data-name=\"20251002_105904\"><figure class=\"post\"><a href=\"https:\/\/lacteosdelprado.cl\/wp-content\/uploads\/2025\/11\/20251002_105904-scaled.jpg\" class=\"rollover dt-pswp-item layzr-bg\" data-large_image_width=\"1196\" data-large_image_height=\"2560\" data-dt-img-description=\"\" title=\"20251002_105904\"><img decoding=\"async\" class=\"preload-me owl-lazy-load aspect\" src=\"data:image\/svg+xml,%3Csvg%20xmlns%3D&#39;http%3A%2F%2Fwww.w3.org%2F2000%2Fsvg&#39;%20viewBox%3D&#39;0%200%201196%201196&#39;%2F%3E\" data-src=\"https:\/\/lacteosdelprado.cl\/wp-content\/uploads\/2025\/11\/20251002_105904-scaled-1196x1196.jpg\" data-srcset=\"https:\/\/lacteosdelprado.cl\/wp-content\/uploads\/2025\/11\/20251002_105904-scaled-1196x1196.jpg 1196w\" loading=\"eager\" style=\"--ratio: 1196 \/ 1196\" sizes=\"(max-width: 1196px) 100vw, 1196px\" alt=\"\" width=\"1196\" height=\"1196\"  \/><span class=\"gallery-rollover\"><span class=\"gallery-zoom-ico icomoon-the7-font-the7-zoom-06\"><span><\/span><\/span><\/span><\/a><\/figure><\/div><\/div>[\/vc_column][\/vc_row][vc_row full_width=\u00bbstretch_row\u00bb type=\u00bbvc_default\u00bb css=\u00bb.vc_custom_1474232698813{margin-bottom: -60px !important;padding-top: 80px !important;padding-bottom: 60px !important;background-color: #131313 !important;}\u00bb][vc_column css=\u00bb.vc_custom_1460570299912{padding-bottom: 40px !important;}\u00bb][vc_single_image image=\u00bb1105&#8243; img_size=\u00bb300&#215;300&#8243; alignment=\u00bbcenter\u00bb css_animation=\u00bbfadeInUp\u00bb css=\u00bb.vc_custom_1762724011305{padding-bottom: 10px !important;}\u00bb][\/vc_column][vc_column css=\u00bb.vc_custom_1460570841666{padding-bottom: 20px !important;}\u00bb]<div class=\" uavc-icons-center uavc-icons \">\n<a class=\"aio-tooltip 69f15dbaa657e\" href=\"#\"  data-toggle=\"tooltip\" data-placement=\"\" title=\"\"><div class=\"aio-icon circle \" data-animation=\"\" data-animation-delay=\"03\" style=\"color:#131313;background:#f7f7f7;font-size:18px;margin-right:5px;\">\n\t<i class=\"icomoon-free-social-contact-16x16-facebook\"><\/i>\n<\/div><\/a>\n<a class=\"aio-tooltip 69f15dbaa659b\" href=\"#\"  data-toggle=\"tooltip\" data-placement=\"\" title=\"\"><div class=\"aio-icon circle \" data-animation=\"\" data-animation-delay=\"03\" style=\"color:#131313;background:#f7f7f7;font-size:18px;margin-right:5px;\">\n\t<i class=\"icomoon-free-social-contact-16x16-instagram\"><\/i>\n<\/div><\/a><\/div>[\/vc_column][vc_column css=\u00bb.vc_custom_1469282395397{padding-top: 10px !important;padding-bottom: 5px !important;}\u00bb]<div id=\"ultimate-heading-904069f15dbaa65c3\" class=\"uvc-heading ult-adjust-bottom-margin ultimate-heading-904069f15dbaa65c3 uvc-2381 \" data-hspacer=\"no_spacer\"  data-halign=\"center\" style=\"text-align:center\"><div class=\"uvc-heading-spacer no_spacer\" style=\"top\"><\/div><div class=\"uvc-sub-heading ult-responsive\"  data-ultimate-target='.uvc-heading.ultimate-heading-904069f15dbaa65c3 .uvc-sub-heading '  data-responsive-json-new='{\"font-size\":\"desktop:15px;\",\"line-height\":\"desktop:22px;\"}'  style=\"font-family:&#039;Poppins&#039;;font-weight:normal;font-style:normal;color:#a0a0a0;\">Sitio Web desarrollo de Agencia<a href=\"http:\/\/www.ambienteweb.cl\"> Ambiente Web<\/a><\/div><\/div>[\/vc_column][\/vc_row]<\/p>\n<\/div>","protected":false},"excerpt":{"rendered":"<p>[vc_row type=\u00bbvc_default\u00bb css=\u00bb.vc_custom_1474232685932{padding-top: 10px !important;padding-bottom: 20px !important;}\u00bb][vc_column width=\u00bb1\/2&#8243; css=\u00bb.vc_custom_1469281915280{padding-bottom: 60px !important;}\u00bb][vc_column_text css=\u00bb\u00bb]Es una empresa familiar desarrollada por Viviana Gonzalez&nbsp;junto a su esposo&nbsp;Jaime Prado, quienes gracias a los conocimientos de Viviana como t\u00e9cnica en industria alimentaria y producci\u00f3n de queso, comienzan a experimentar desde casa.[\/vc_column_text][\/vc_column][vc_column width=\u00bb1\/2&#8243; css=\u00bb.vc_custom_1469281920193{padding-bottom: 60px !important;}\u00bb][vc_column_text css=\u00bb\u00bb] Elaborar productos l\u00e1cteos y quesos artesanales&hellip;<\/p>\n","protected":false},"author":1,"featured_media":0,"parent":0,"menu_order":1,"comment_status":"closed","ping_status":"closed","template":"","meta":{"footnotes":""},"class_list":["post-33","page","type-page","status-publish","hentry","description-off"],"_links":{"self":[{"href":"https:\/\/lacteosdelprado.cl\/index.php\/wp-json\/wp\/v2\/pages\/33","targetHints":{"allow":["GET"]}}],"collection":[{"href":"https:\/\/lacteosdelprado.cl\/index.php\/wp-json\/wp\/v2\/pages"}],"about":[{"href":"https:\/\/lacteosdelprado.cl\/index.php\/wp-json\/wp\/v2\/types\/page"}],"author":[{"embeddable":true,"href":"https:\/\/lacteosdelprado.cl\/index.php\/wp-json\/wp\/v2\/users\/1"}],"replies":[{"embeddable":true,"href":"https:\/\/lacteosdelprado.cl\/index.php\/wp-json\/wp\/v2\/comments?post=33"}],"version-history":[{"count":16,"href":"https:\/\/lacteosdelprado.cl\/index.php\/wp-json\/wp\/v2\/pages\/33\/revisions"}],"predecessor-version":[{"id":1176,"href":"https:\/\/lacteosdelprado.cl\/index.php\/wp-json\/wp\/v2\/pages\/33\/revisions\/1176"}],"wp:attachment":[{"href":"https:\/\/lacteosdelprado.cl\/index.php\/wp-json\/wp\/v2\/media?parent=33"}],"curies":[{"name":"wp","href":"https:\/\/api.w.org\/{rel}","templated":true}]}}