{"id":212,"date":"2016-07-20T20:07:18","date_gmt":"2016-07-20T19:07:18","guid":{"rendered":"https:\/\/lacteosdelprado.cl\/index.php\/menu\/"},"modified":"2025-11-19T13:57:30","modified_gmt":"2025-11-19T13:57:30","slug":"menu","status":"publish","type":"page","link":"https:\/\/lacteosdelprado.cl\/index.php\/menu\/","title":{"rendered":"Productos"},"content":{"rendered":"<div class=\"wpb-content-wrapper\"><p>[vc_row equal_height=\u00bbyes\u00bb type=\u00bbvc_default\u00bb css=\u00bb.vc_custom_1474194287078{padding-bottom: 90px !important;}\u00bb][vc_column width=\u00bb1\/3&#8243; css=\u00bb.vc_custom_1763479066247{margin-right: 30px !important;margin-left: 30px !important;padding-top: 140px !important;padding-bottom: 140px !important;background-image: url(https:\/\/lacteosdelprado.cl\/wp-content\/uploads\/2025\/11\/WhatsApp-Image-2025-11-10-at-10.36.04.jpeg?id=1214) !important;background-position: center !important;background-repeat: no-repeat !important;background-size: cover !important;}\u00bb offset=\u00bbvc_col-lg-offset-0 vc_col-lg-6 vc_col-md-offset-0 vc_col-md-6 vc_col-sm-offset-0&#8243;][\/vc_column][vc_column width=\u00bb2\/3&#8243; css=\u00bb.vc_custom_1469298521128{margin-right: 30px !important;margin-left: 30px !important;padding-top: 45px !important;padding-right: 40px !important;padding-bottom: 15px !important;padding-left: 40px !important;background-color: #f4f4f4 !important;}\u00bb offset=\u00bbvc_col-lg-6 vc_col-md-6&#8243;]<div id=\"ultimate-heading-811469f15dd4ef87c\" class=\"uvc-heading ult-adjust-bottom-margin ultimate-heading-811469f15dd4ef87c uvc-9271 \" data-hspacer=\"line_with_icon\" data-hline_width=\"80\" data-hicon_type=\"selector\" data-hborder_style=\"double\" data-hborder_height=\"3\" data-hborder_color=\"#c4ac70\" data-icon_width=\"10\" data-hfixer=\"10\"  data-halign=\"center\" style=\"text-align:center\"><div class=\"uvc-sub-heading ult-responsive\"  data-ultimate-target='.uvc-heading.ultimate-heading-811469f15dd4ef87c .uvc-sub-heading '  data-responsive-json-new='{\"font-size\":\"desktop:35px;\",\"line-height\":\"desktop:40px;\"}'  style=\"font-family:&#039;Poppins&#039;;font-weight:normal;color:#303030;margin-top:-5px;\">QUESO MANTECOSO<\/div><div class=\"uvc-heading-spacer line_with_icon\" style=\"margin-top:5px;margin-bottom:20px;height:10px;\"><div class=\"ult-just-icon-wrapper  \"><div class=\"align-icon\" style=\"text-align:center;\">\n<div class=\"aio-icon none \"  style=\"color:#c4ac70;font-size:10px;display:inline-block;\">\n\t<i class=\"icomoon-free-social-contact-16x16-svg\"><\/i>\n<\/div><\/div><\/div><\/div><\/div>[vc_column_text css=\u00bb\u00bb]<\/p>\n<ul>\n<li>De Textura suave, cremosa y el\u00e1stica. Se funde en boca y mantiene un corte limpio incluso a temperatura ambiente.<\/li>\n<li>Sabor: L\u00e1cteo, delicado y equilibrado, con notas ligeramente dulces y una mantecosidad natural que resalta gracias a la maduraci\u00f3n corta y al trabajo cuidadoso de la cuajada.<\/li>\n<li>Aroma: Fresco, l\u00e1cteo y agradable, t\u00edpico de un queso joven elaborado con leche de buena calidad.<\/li>\n<li>Elaboraci\u00f3n artesanal: Hecho en peque\u00f1os lotes, controlando la acidez, el desuerado y la humedad para lograr un queso uniforme, tierno y con excelente fundencia.<\/li>\n<li>Uso culinario: Ideal para sandwiches, churrascos, pizzas, empanadas, tablas de quesos, gratinados y para disfrutar solo con pan amasado.<\/li>\n<\/ul>\n<p>Queso mantecoso artesanal, ganador de la medalla de plata[\/vc_column_text][\/vc_column][\/vc_row][vc_row equal_height=\u00bbyes\u00bb type=\u00bbvc_default\u00bb css=\u00bb.vc_custom_1474194287078{padding-bottom: 90px !important;}\u00bb][vc_column width=\u00bb1\/3&#8243; css=\u00bb.vc_custom_1763478603533{margin-right: 30px !important;margin-left: 30px !important;padding-top: 140px !important;padding-bottom: 140px !important;background-image: url(https:\/\/lacteosdelprado.cl\/wp-content\/uploads\/2025\/11\/WhatsApp-Image-2025-11-10-at-10.29.26.jpeg?id=1205) !important;background-position: center !important;background-repeat: no-repeat !important;background-size: cover !important;}\u00bb offset=\u00bbvc_col-lg-offset-0 vc_col-lg-6 vc_col-md-offset-0 vc_col-md-6 vc_col-sm-offset-0&#8243;][\/vc_column][vc_column width=\u00bb2\/3&#8243; css=\u00bb.vc_custom_1469298521128{margin-right: 30px !important;margin-left: 30px !important;padding-top: 45px !important;padding-right: 40px !important;padding-bottom: 15px !important;padding-left: 40px !important;background-color: #f4f4f4 !important;}\u00bb offset=\u00bbvc_col-lg-6 vc_col-md-6&#8243;]<div id=\"ultimate-heading-977469f15dd4ef8e4\" class=\"uvc-heading ult-adjust-bottom-margin ultimate-heading-977469f15dd4ef8e4 uvc-5454 \" data-hspacer=\"line_with_icon\" data-hline_width=\"80\" data-hicon_type=\"selector\" data-hborder_style=\"double\" data-hborder_height=\"3\" data-hborder_color=\"#c4ac70\" data-icon_width=\"10\" data-hfixer=\"10\"  data-halign=\"center\" style=\"text-align:center\"><div class=\"uvc-sub-heading ult-responsive\"  data-ultimate-target='.uvc-heading.ultimate-heading-977469f15dd4ef8e4 .uvc-sub-heading '  data-responsive-json-new='{\"font-size\":\"desktop:35px;\",\"line-height\":\"desktop:40px;\"}'  style=\"font-family:&#039;Poppins&#039;;font-weight:normal;color:#303030;margin-top:-5px;\">QUESO MANTECOSO AHUMADO<\/div><div class=\"uvc-heading-spacer line_with_icon\" style=\"margin-top:5px;margin-bottom:20px;height:10px;\"><div class=\"ult-just-icon-wrapper  \"><div class=\"align-icon\" style=\"text-align:center;\">\n<div class=\"aio-icon none \"  style=\"color:#c4ac70;font-size:10px;display:inline-block;\">\n\t<i class=\"icomoon-free-social-contact-16x16-svg\"><\/i>\n<\/div><\/div><\/div><\/div><\/div>[vc_column_text css=\u00bb\u00bb]Que mantecoso ahumado del Prado, es un queso ahumado en maderas de Manzano y Cerezo<\/p>\n<p>&nbsp;<\/p>\n<p>&nbsp;<\/p>\n<p>&nbsp;<\/p>\n<p>&nbsp;<\/p>\n<p>&nbsp;<\/p>\n<p>&nbsp;<\/p>\n<p>&nbsp;<\/p>\n<p>&nbsp;<\/p>\n<p>&nbsp;[\/vc_column_text][\/vc_column][\/vc_row][vc_row equal_height=\u00bbyes\u00bb type=\u00bbvc_default\u00bb css=\u00bb.vc_custom_1474194287078{padding-bottom: 90px !important;}\u00bb][vc_column width=\u00bb1\/3&#8243; css=\u00bb.vc_custom_1763478757702{margin-right: 30px !important;margin-left: 30px !important;padding-top: 140px !important;padding-bottom: 140px !important;background-image: url(https:\/\/lacteosdelprado.cl\/wp-content\/uploads\/2025\/11\/WhatsApp-Image-2025-11-10-at-10.29.27.jpeg?id=1211) !important;background-position: center !important;background-repeat: no-repeat !important;background-size: cover !important;}\u00bb offset=\u00bbvc_col-lg-offset-0 vc_col-lg-6 vc_col-md-offset-0 vc_col-md-6 vc_col-sm-offset-0&#8243;][\/vc_column][vc_column width=\u00bb2\/3&#8243; css=\u00bb.vc_custom_1469298521128{margin-right: 30px !important;margin-left: 30px !important;padding-top: 45px !important;padding-right: 40px !important;padding-bottom: 15px !important;padding-left: 40px !important;background-color: #f4f4f4 !important;}\u00bb offset=\u00bbvc_col-lg-6 vc_col-md-6&#8243;]<div id=\"ultimate-heading-812069f15dd4ef938\" class=\"uvc-heading ult-adjust-bottom-margin ultimate-heading-812069f15dd4ef938 uvc-9695 \" data-hspacer=\"line_with_icon\" data-hline_width=\"80\" data-hicon_type=\"selector\" data-hborder_style=\"double\" data-hborder_height=\"3\" data-hborder_color=\"#c4ac70\" data-icon_width=\"10\" data-hfixer=\"10\"  data-halign=\"center\" style=\"text-align:center\"><div class=\"uvc-sub-heading ult-responsive\"  data-ultimate-target='.uvc-heading.ultimate-heading-812069f15dd4ef938 .uvc-sub-heading '  data-responsive-json-new='{\"font-size\":\"desktop:35px;\",\"line-height\":\"desktop:40px;\"}'  style=\"font-family:&#039;Poppins&#039;;font-weight:normal;color:#303030;margin-top:-5px;\">QUESO MORBIER DEL PRADO<\/div><div class=\"uvc-heading-spacer line_with_icon\" style=\"margin-top:5px;margin-bottom:20px;height:10px;\"><div class=\"ult-just-icon-wrapper  \"><div class=\"align-icon\" style=\"text-align:center;\">\n<div class=\"aio-icon none \"  style=\"color:#c4ac70;font-size:10px;display:inline-block;\">\n\t<i class=\"icomoon-free-social-contact-16x16-svg\"><\/i>\n<\/div><\/div><\/div><\/div><\/div>[vc_column_text css=\u00bb\u00bb]El queso Morbier, es un queso de origen franc\u00e9s, con un coraz\u00f3n de carb\u00f3n vegetal comestible, de sabor suave, cremoso y notas c\u00edtricas, madurez de 3 meses.<\/p>\n<p>&nbsp;<\/p>\n<p>&nbsp;<\/p>\n<p>&nbsp;<\/p>\n<p>&nbsp;<\/p>\n<p>&nbsp;<\/p>\n<p>&nbsp;<\/p>\n<p>&nbsp;<\/p>\n<p>&nbsp;<\/p>\n<p>&nbsp;[\/vc_column_text][\/vc_column][\/vc_row][vc_row equal_height=\u00bbyes\u00bb type=\u00bbvc_default\u00bb css=\u00bb.vc_custom_1474194287078{padding-bottom: 90px !important;}\u00bb][vc_column width=\u00bb1\/3&#8243; css=\u00bb.vc_custom_1763478646519{margin-right: 30px !important;margin-left: 30px !important;padding-top: 140px !important;padding-bottom: 140px !important;background-image: url(https:\/\/lacteosdelprado.cl\/wp-content\/uploads\/2025\/11\/WhatsApp-Image-2025-11-10-at-10.27.31.jpeg?id=1207) !important;background-position: center !important;background-repeat: no-repeat !important;background-size: cover !important;}\u00bb offset=\u00bbvc_col-lg-offset-0 vc_col-lg-6 vc_col-md-offset-0 vc_col-md-6 vc_col-sm-offset-0&#8243;][\/vc_column][vc_column width=\u00bb2\/3&#8243; css=\u00bb.vc_custom_1469298521128{margin-right: 30px !important;margin-left: 30px !important;padding-top: 45px !important;padding-right: 40px !important;padding-bottom: 15px !important;padding-left: 40px !important;background-color: #f4f4f4 !important;}\u00bb offset=\u00bbvc_col-lg-6 vc_col-md-6&#8243;]<div id=\"ultimate-heading-756069f15dd4ef986\" class=\"uvc-heading ult-adjust-bottom-margin ultimate-heading-756069f15dd4ef986 uvc-3853 \" data-hspacer=\"line_with_icon\" data-hline_width=\"80\" data-hicon_type=\"selector\" data-hborder_style=\"double\" data-hborder_height=\"3\" data-hborder_color=\"#c4ac70\" data-icon_width=\"10\" data-hfixer=\"10\"  data-halign=\"center\" style=\"text-align:center\"><div class=\"uvc-sub-heading ult-responsive\"  data-ultimate-target='.uvc-heading.ultimate-heading-756069f15dd4ef986 .uvc-sub-heading '  data-responsive-json-new='{\"font-size\":\"desktop:35px;\",\"line-height\":\"desktop:40px;\"}'  style=\"font-family:&#039;Poppins&#039;;font-weight:normal;color:#303030;margin-top:-5px;\">QUESO FRESCO NATURAL<\/div><div class=\"uvc-heading-spacer line_with_icon\" style=\"margin-top:5px;margin-bottom:20px;height:10px;\"><div class=\"ult-just-icon-wrapper  \"><div class=\"align-icon\" style=\"text-align:center;\">\n<div class=\"aio-icon none \"  style=\"color:#c4ac70;font-size:10px;display:inline-block;\">\n\t<i class=\"icomoon-free-social-contact-16x16-svg\"><\/i>\n<\/div><\/div><\/div><\/div><\/div>[vc_column_text css=\u00bb\u00bb]El Queso Fresco del Prado es un producto artesanal elaborado con leche de vaca de alta calidad, manteniendo la tradici\u00f3n local y un proceso cuidadoso que garantiza frescura, suavidad y un sabor limpio. Es un queso de pasta blanda, textura h\u00fameda y corte firme, ideal para consumo diario.<\/p>\n<p><strong>Caracter\u00edsticas T\u00e9cnicas<\/strong><\/p>\n<ul>\n<li>De sabor suave y lechoso, con aroma fresco y textura cremosa. Perfecto para acompa\u00f1ar ensaladas, desayunos, panes y preparaciones fr\u00edas.<\/li>\n<li>Formato: Bloques de aprox. 500 g cada uno.<\/li>\n<li>Lactosa: Bajo en lactosa \/ apto para consumidores sensibles (seg\u00fan tu est\u00e1ndar habitual).<\/li>\n<li>Sodio: Bajo en sodio, ideal para dietas con restricci\u00f3n.<\/li>\n<li>Duraci\u00f3n: 30 d\u00edas en refrigeraci\u00f3n (mantener entre 2\u20136 \u00b0C).<\/li>\n<li>Presentaci\u00f3n: Envasado al vac\u00edo o sellado en film alimentario, seg\u00fan tu l\u00ednea de producci\u00f3n.<\/li>\n<\/ul>\n<p>[\/vc_column_text][\/vc_column][\/vc_row][vc_row equal_height=\u00bbyes\u00bb type=\u00bbvc_default\u00bb css=\u00bb.vc_custom_1474194287078{padding-bottom: 90px !important;}\u00bb][vc_column width=\u00bb1\/3&#8243; css=\u00bb.vc_custom_1763478552646{margin-right: 30px !important;margin-left: 30px !important;padding-top: 140px !important;padding-bottom: 140px !important;background-image: url(https:\/\/lacteosdelprado.cl\/wp-content\/uploads\/2025\/11\/WhatsApp-Image-2025-11-10-at-10.34.12.jpeg?id=1203) !important;background-position: center !important;background-repeat: no-repeat !important;background-size: cover !important;}\u00bb offset=\u00bbvc_col-lg-offset-0 vc_col-lg-6 vc_col-md-offset-0 vc_col-md-6 vc_col-sm-offset-0&#8243;][\/vc_column][vc_column width=\u00bb2\/3&#8243; css=\u00bb.vc_custom_1469298521128{margin-right: 30px !important;margin-left: 30px !important;padding-top: 45px !important;padding-right: 40px !important;padding-bottom: 15px !important;padding-left: 40px !important;background-color: #f4f4f4 !important;}\u00bb offset=\u00bbvc_col-lg-6 vc_col-md-6&#8243;]<div id=\"ultimate-heading-185569f15dd4ef9d1\" class=\"uvc-heading ult-adjust-bottom-margin ultimate-heading-185569f15dd4ef9d1 uvc-2603 \" data-hspacer=\"line_with_icon\" data-hline_width=\"80\" data-hicon_type=\"selector\" data-hborder_style=\"double\" data-hborder_height=\"3\" data-hborder_color=\"#c4ac70\" data-icon_width=\"10\" data-hfixer=\"10\"  data-halign=\"center\" style=\"text-align:center\"><div class=\"uvc-sub-heading ult-responsive\"  data-ultimate-target='.uvc-heading.ultimate-heading-185569f15dd4ef9d1 .uvc-sub-heading '  data-responsive-json-new='{\"font-size\":\"desktop:35px;\",\"line-height\":\"desktop:40px;\"}'  style=\"font-family:&#039;Poppins&#039;;font-weight:normal;color:#303030;margin-top:-5px;\">QUESO CON MERK\u00c9N<\/div><div class=\"uvc-heading-spacer line_with_icon\" style=\"margin-top:5px;margin-bottom:20px;height:10px;\"><div class=\"ult-just-icon-wrapper  \"><div class=\"align-icon\" style=\"text-align:center;\">\n<div class=\"aio-icon none \"  style=\"color:#c4ac70;font-size:10px;display:inline-block;\">\n\t<i class=\"icomoon-free-social-contact-16x16-svg\"><\/i>\n<\/div><\/div><\/div><\/div><\/div>[vc_column_text css=\u00bb\u00bb]Elaborado con aut\u00e9ntico merk\u00e9n mapuche, que entrega un sabor ahumado y ligeramente picante. Una variedad m\u00e1s intensa, perfecta para quienes buscan un queso con car\u00e1cter chileno.<\/p>\n<p>&nbsp;<\/p>\n<p><strong>Caracter\u00edsticas T\u00e9cnicas<\/strong><\/p>\n<p>Formato: Bloques de aprox. 500 g cada uno.<\/p>\n<p>Lactosa: Bajo en lactosa \/ apto para consumidores sensibles (seg\u00fan tu est\u00e1ndar habitual).<\/p>\n<p>Sodio: Bajo en sodio, ideal para dietas con restricci\u00f3n.<\/p>\n<p>Duraci\u00f3n: 30 d\u00edas en refrigeraci\u00f3n (mantener entre 2\u20136 \u00b0C).<\/p>\n<p>Presentaci\u00f3n: Envasado al vac\u00edo o sellado en film alimentario, seg\u00fan tu l\u00ednea de producci\u00f3n.[\/vc_column_text][\/vc_column][\/vc_row][vc_row equal_height=\u00bbyes\u00bb type=\u00bbvc_default\u00bb css=\u00bb.vc_custom_1474194287078{padding-bottom: 90px !important;}\u00bb][vc_column width=\u00bb1\/3&#8243; css=\u00bb.vc_custom_1763478678104{margin-right: 30px !important;margin-left: 30px !important;padding-top: 140px !important;padding-bottom: 140px !important;background-image: url(https:\/\/lacteosdelprado.cl\/wp-content\/uploads\/2025\/11\/WhatsApp-Image-2025-11-10-at-10.27.32.jpeg?id=1209) !important;background-position: center !important;background-repeat: no-repeat !important;background-size: cover !important;}\u00bb offset=\u00bbvc_col-lg-offset-0 vc_col-lg-6 vc_col-md-offset-0 vc_col-md-6 vc_col-sm-offset-0&#8243;][\/vc_column][vc_column width=\u00bb2\/3&#8243; css=\u00bb.vc_custom_1469298521128{margin-right: 30px !important;margin-left: 30px !important;padding-top: 45px !important;padding-right: 40px !important;padding-bottom: 15px !important;padding-left: 40px !important;background-color: #f4f4f4 !important;}\u00bb offset=\u00bbvc_col-lg-6 vc_col-md-6&#8243;]<div id=\"ultimate-heading-662869f15dd4efa21\" class=\"uvc-heading ult-adjust-bottom-margin ultimate-heading-662869f15dd4efa21 uvc-1175 \" data-hspacer=\"line_with_icon\" data-hline_width=\"80\" data-hicon_type=\"selector\" data-hborder_style=\"double\" data-hborder_height=\"3\" data-hborder_color=\"#c4ac70\" data-icon_width=\"10\" data-hfixer=\"10\"  data-halign=\"center\" style=\"text-align:center\"><div class=\"uvc-sub-heading ult-responsive\"  data-ultimate-target='.uvc-heading.ultimate-heading-662869f15dd4efa21 .uvc-sub-heading '  data-responsive-json-new='{\"font-size\":\"desktop:35px;\",\"line-height\":\"desktop:40px;\"}'  style=\"font-family:&#039;Poppins&#039;;font-weight:normal;color:#303030;margin-top:-5px;\">QUESO FRESCO CON OREGANO<\/div><div class=\"uvc-heading-spacer line_with_icon\" style=\"margin-top:5px;margin-bottom:20px;height:10px;\"><div class=\"ult-just-icon-wrapper  \"><div class=\"align-icon\" style=\"text-align:center;\">\n<div class=\"aio-icon none \"  style=\"color:#c4ac70;font-size:10px;display:inline-block;\">\n\t<i class=\"icomoon-free-social-contact-16x16-svg\"><\/i>\n<\/div><\/div><\/div><\/div><\/div>[vc_column_text css=\u00bb\u00bb]Incorpora or\u00e9gano deshidratado de calidad, que aporta notas herbales, perfumadas y un toque mediterr\u00e1neo. Ideal para picoteos, s\u00e1ndwiches y recetas caseras.<\/p>\n<p><strong>Caracter\u00edsticas T\u00e9cnicas<\/strong><\/p>\n<ul>\n<li>De sabor suave y lechoso, con aroma fresco y textura cremosa. Perfecto para acompa\u00f1ar ensaladas, desayunos, panes y preparaciones fr\u00edas.<\/li>\n<li>Formato: Bloques de aprox. 500 g cada uno.<\/li>\n<li>Lactosa: Bajo en lactosa \/ apto para consumidores sensibles (seg\u00fan tu est\u00e1ndar habitual).<\/li>\n<li>Sodio: Bajo en sodio, ideal para dietas con restricci\u00f3n.<\/li>\n<li>Duraci\u00f3n: 30 d\u00edas en refrigeraci\u00f3n (mantener entre 2\u20136 \u00b0C).<\/li>\n<li>Presentaci\u00f3n: Envasado al vac\u00edo o sellado en film alimentario, seg\u00fan tu l\u00ednea de producci\u00f3n.<\/li>\n<\/ul>\n<p>[\/vc_column_text][\/vc_column][\/vc_row][vc_row equal_height=\u00bbyes\u00bb type=\u00bbvc_default\u00bb css=\u00bb.vc_custom_1474194287078{padding-bottom: 90px !important;}\u00bb][vc_column width=\u00bb1\/3&#8243; css=\u00bb.vc_custom_1763477160950{margin-right: 30px !important;margin-left: 30px !important;padding-top: 140px !important;padding-bottom: 140px !important;background-image: url(https:\/\/lacteosdelprado.cl\/wp-content\/uploads\/2025\/11\/WhatsApp-Image-2025-11-18-at-10.07.51.jpeg?id=1201) !important;background-position: center !important;background-repeat: no-repeat !important;background-size: cover !important;}\u00bb offset=\u00bbvc_col-lg-offset-0 vc_col-lg-6 vc_col-md-offset-0 vc_col-md-6 vc_col-sm-offset-0&#8243;][\/vc_column][vc_column width=\u00bb2\/3&#8243; css=\u00bb.vc_custom_1469298521128{margin-right: 30px !important;margin-left: 30px !important;padding-top: 45px !important;padding-right: 40px !important;padding-bottom: 15px !important;padding-left: 40px !important;background-color: #f4f4f4 !important;}\u00bb offset=\u00bbvc_col-lg-6 vc_col-md-6&#8243;]<div id=\"ultimate-heading-338469f15dd4efa65\" class=\"uvc-heading ult-adjust-bottom-margin ultimate-heading-338469f15dd4efa65 uvc-9994 \" data-hspacer=\"line_with_icon\" data-hline_width=\"80\" data-hicon_type=\"selector\" data-hborder_style=\"double\" data-hborder_height=\"3\" data-hborder_color=\"#c4ac70\" data-icon_width=\"10\" data-hfixer=\"10\"  data-halign=\"center\" style=\"text-align:center\"><div class=\"uvc-sub-heading ult-responsive\"  data-ultimate-target='.uvc-heading.ultimate-heading-338469f15dd4efa65 .uvc-sub-heading '  data-responsive-json-new='{\"font-size\":\"desktop:35px;\",\"line-height\":\"desktop:40px;\"}'  style=\"font-family:&#039;Poppins&#039;;font-weight:normal;color:#303030;margin-top:-5px;\">QUESO BRIE DEL PRADO<\/div><div class=\"uvc-heading-spacer line_with_icon\" style=\"margin-top:5px;margin-bottom:20px;height:10px;\"><div class=\"ult-just-icon-wrapper  \"><div class=\"align-icon\" style=\"text-align:center;\">\n<div class=\"aio-icon none \"  style=\"color:#c4ac70;font-size:10px;display:inline-block;\">\n\t<i class=\"icomoon-free-social-contact-16x16-svg\"><\/i>\n<\/div><\/div><\/div><\/div><\/div>[vc_column_text css=\u00bb\u00bb]El Queso Brie del Prado es un queso blando de pasta suave y cremosa, elaborado con t\u00e9cnicas tradicionales que permiten desarrollar su caracter\u00edstica corteza blanca de hongo comestible (Penicillium camemberti). Destaca por su sabor delicado, mantecoso y elegante, con notas l\u00e1cteas que se intensifican a medida que avanza su maduraci\u00f3n.<\/p>\n<p>Caracter\u00edsticas principales<\/p>\n<p>Textura: pasta blanda, cremosa y untuosa, que evoluciona desde un centro m\u00e1s firme hacia una consistencia fluida en etapas avanzadas de maduraci\u00f3n.<\/p>\n<p>Corteza blanca natural y completamente comestible.<\/p>\n<p>Sabor: suave, mantecoso, con leves notas de champi\u00f1\u00f3n fresco y un retrogusto delicado que aumenta con la madurez.<\/p>\n<p>Maduraci\u00f3n: ideal entre 4 y 8 semanas, dependiendo del perfil sensorial buscado.<\/p>\n<p><strong>Formatos disponibles<\/strong><\/p>\n<p><strong>1) Cu\u00f1as de 190 g<\/strong><\/p>\n<p>Pr\u00e1cticas y listas para consumo.<\/p>\n<p>Pensadas para tablas de quesos, picoteos o consumo individual.<\/p>\n<p>Presentaci\u00f3n elegante y f\u00e1cil de manejar.<\/p>\n<p>&nbsp;<\/p>\n<p><strong>2) Tortas de 1.5 kg<\/strong><\/p>\n<p>Formato profesional y gastron\u00f3mico.<\/p>\n<p>Ideal para restaurantes, hoteles, eventos y ventas al por mayor.<\/p>\n<p>Permite una maduraci\u00f3n m\u00e1s pronunciada y una evoluci\u00f3n sensorial completa.[\/vc_column_text][\/vc_column][\/vc_row][vc_row equal_height=\u00bbyes\u00bb type=\u00bbvc_default\u00bb css=\u00bb.vc_custom_1474194287078{padding-bottom: 90px !important;}\u00bb][vc_column width=\u00bb1\/3&#8243; css=\u00bb.vc_custom_1763479010569{margin-right: 30px !important;margin-left: 30px !important;padding-top: 140px !important;padding-bottom: 140px !important;background-image: url(https:\/\/lacteosdelprado.cl\/wp-content\/uploads\/2025\/11\/WhatsApp-Image-2025-11-10-at-10.34.13.jpeg?id=1213) !important;background-position: center !important;background-repeat: no-repeat !important;background-size: cover !important;}\u00bb offset=\u00bbvc_col-lg-offset-0 vc_col-lg-6 vc_col-md-offset-0 vc_col-md-6 vc_col-sm-offset-0&#8243;][\/vc_column][vc_column width=\u00bb2\/3&#8243; css=\u00bb.vc_custom_1469298521128{margin-right: 30px !important;margin-left: 30px !important;padding-top: 45px !important;padding-right: 40px !important;padding-bottom: 15px !important;padding-left: 40px !important;background-color: #f4f4f4 !important;}\u00bb offset=\u00bbvc_col-lg-6 vc_col-md-6&#8243;]<div id=\"ultimate-heading-283869f15dd4efaaa\" class=\"uvc-heading ult-adjust-bottom-margin ultimate-heading-283869f15dd4efaaa uvc-9701 \" data-hspacer=\"line_with_icon\" data-hline_width=\"80\" data-hicon_type=\"selector\" data-hborder_style=\"double\" data-hborder_height=\"3\" data-hborder_color=\"#c4ac70\" data-icon_width=\"10\" data-hfixer=\"10\"  data-halign=\"center\" style=\"text-align:center\"><div class=\"uvc-sub-heading ult-responsive\"  data-ultimate-target='.uvc-heading.ultimate-heading-283869f15dd4efaaa .uvc-sub-heading '  data-responsive-json-new='{\"font-size\":\"desktop:35px;\",\"line-height\":\"desktop:40px;\"}'  style=\"font-family:&#039;Poppins&#039;;font-weight:normal;color:#303030;margin-top:-5px;\">QUESO CAMEMBERT DEL PRADO<\/div><div class=\"uvc-heading-spacer line_with_icon\" style=\"margin-top:5px;margin-bottom:20px;height:10px;\"><div class=\"ult-just-icon-wrapper  \"><div class=\"align-icon\" style=\"text-align:center;\">\n<div class=\"aio-icon none \"  style=\"color:#c4ac70;font-size:10px;display:inline-block;\">\n\t<i class=\"icomoon-free-social-contact-16x16-svg\"><\/i>\n<\/div><\/div><\/div><\/div><\/div>[vc_column_text css=\u00bb\u00bb]El Camembert del Prado es un queso artesanal de pasta blanda y corteza florecida, elaborado con leche de vaca seleccionada y afinado con cultivos tradicionales que desarrollan una capa blanca y aterciopelada de Penicillium camemberti. Su textura y sabor evolucionan naturalmente con el tiempo, ofreciendo distintas experiencias seg\u00fan su grado de maduraci\u00f3n.<\/p>\n<p>&nbsp;<\/p>\n<p><strong>Formatos Disponibles<\/strong><\/p>\n<ul>\n<li>Camembert de 165 g aprox.<br \/>\nIdeal para consumo individual, tablas, degustaciones y venta al detalle premium.<\/li>\n<li>Camembert de 300 g aprox.<br \/>\nFormato m\u00e1s grande, perfecto para compartir, hornear o presentar en aperitivos.<\/li>\n<\/ul>\n<p>&nbsp;[\/vc_column_text][\/vc_column][\/vc_row][vc_row equal_height=\u00bbyes\u00bb type=\u00bbvc_default\u00bb css=\u00bb.vc_custom_1474194287078{padding-bottom: 90px !important;}\u00bb][vc_column width=\u00bb1\/3&#8243; css=\u00bb.vc_custom_1762403229260{margin-right: 30px !important;margin-left: 30px !important;padding-top: 140px !important;padding-bottom: 140px !important;background-image: url(https:\/\/lacteosdelprado.cl\/wp-content\/uploads\/2025\/11\/WhatsApp-Image-2023-08-17-at-4_15_35-PM-2.jpeg?id=1028) !important;background-position: center !important;background-repeat: no-repeat !important;background-size: cover !important;}\u00bb offset=\u00bbvc_col-lg-offset-0 vc_col-lg-6 vc_col-md-offset-0 vc_col-md-6 vc_col-sm-offset-0&#8243;][\/vc_column][vc_column width=\u00bb2\/3&#8243; css=\u00bb.vc_custom_1469298521128{margin-right: 30px !important;margin-left: 30px !important;padding-top: 45px !important;padding-right: 40px !important;padding-bottom: 15px !important;padding-left: 40px !important;background-color: #f4f4f4 !important;}\u00bb offset=\u00bbvc_col-lg-6 vc_col-md-6&#8243;]<div id=\"ultimate-heading-851369f15dd4efaef\" class=\"uvc-heading ult-adjust-bottom-margin ultimate-heading-851369f15dd4efaef uvc-3085 \" data-hspacer=\"line_with_icon\" data-hline_width=\"80\" data-hicon_type=\"selector\" data-hborder_style=\"double\" data-hborder_height=\"3\" data-hborder_color=\"#c4ac70\" data-icon_width=\"10\" data-hfixer=\"10\"  data-halign=\"center\" style=\"text-align:center\"><div class=\"uvc-sub-heading ult-responsive\"  data-ultimate-target='.uvc-heading.ultimate-heading-851369f15dd4efaef .uvc-sub-heading '  data-responsive-json-new='{\"font-size\":\"desktop:35px;\",\"line-height\":\"desktop:40px;\"}'  style=\"font-family:&#039;Poppins&#039;;font-weight:normal;color:#303030;margin-top:-5px;\"><\/p>\n<div dir=\"auto\">QUESO DE SKYR DEL PRADO<\/div>\n<p><\/div><div class=\"uvc-heading-spacer line_with_icon\" style=\"margin-top:5px;margin-bottom:20px;height:10px;\"><div class=\"ult-just-icon-wrapper  \"><div class=\"align-icon\" style=\"text-align:center;\">\n<div class=\"aio-icon none \"  style=\"color:#c4ac70;font-size:10px;display:inline-block;\">\n\t<i class=\"icomoon-free-social-contact-16x16-svg\"><\/i>\n<\/div><\/div><\/div><\/div><\/div>[vc_column_text css=\u00bb\u00bb]El Skyr del Prado es un l\u00e1cteo de textura densa y suave, elaborado con recetas de inspiraci\u00f3n islandesa y leche semi descremada de alta calidad. Destaca por su alto contenido de prote\u00edna, ideal para quienes buscan una nutrici\u00f3n completa, ligera y naturalmente sabrosa.<\/p>\n<p><strong>Caracter\u00edsticas principales<\/strong><\/p>\n<p>Alto en prote\u00edna: elaborado mediante un proceso de filtrado que concentra de forma natural las prote\u00ednas l\u00e1cteas.<\/p>\n<p>Semi descremado: bajo en grasas, manteniendo un sabor equilibrado y agradable.<\/p>\n<p>Textura cremosa y espesa, sin adici\u00f3n de espesantes.<\/p>\n<p>Elaboraci\u00f3n artesanal, con el sello de calidad de El Prado.<\/p>\n<p>&nbsp;<\/p>\n<p><strong>Variedades<\/strong><\/p>\n<p>1. Natural:<\/p>\n<p>Sabor suave, ligeramente \u00e1cido.<\/p>\n<p>Ideal para consumir solo, con frutas, miel o para usar en preparaciones culinarias.<\/p>\n<p>&nbsp;<\/p>\n<p>2. Con salsa dulce de ar\u00e1ndanos:<\/p>\n<p>Base de skyr natural acompa\u00f1ada con una salsa casera de ar\u00e1ndanos, equilibrada en dulzor y realzando su frescura.<\/p>\n<p>Pensado para quienes buscan un toque gourmet sin perder las propiedades saludables del skyr.[\/vc_column_text][\/vc_column][\/vc_row][vc_row equal_height=\u00bbyes\u00bb type=\u00bbvc_default\u00bb css=\u00bb.vc_custom_1474194287078{padding-bottom: 90px !important;}\u00bb][vc_column width=\u00bb1\/3&#8243; css=\u00bb.vc_custom_1763560644640{margin-right: 30px !important;margin-left: 30px !important;padding-top: 140px !important;padding-bottom: 140px !important;background-image: url(https:\/\/lacteosdelprado.cl\/wp-content\/uploads\/2025\/11\/Screenshot_20250217_125159_Instagram-scaled.jpg?id=1063) !important;background-position: center !important;background-repeat: no-repeat !important;background-size: cover !important;}\u00bb offset=\u00bbvc_col-lg-offset-0 vc_col-lg-6 vc_col-md-offset-0 vc_col-md-6 vc_col-sm-offset-0&#8243;][\/vc_column][vc_column width=\u00bb2\/3&#8243; css=\u00bb.vc_custom_1469298521128{margin-right: 30px !important;margin-left: 30px !important;padding-top: 45px !important;padding-right: 40px !important;padding-bottom: 15px !important;padding-left: 40px !important;background-color: #f4f4f4 !important;}\u00bb offset=\u00bbvc_col-lg-6 vc_col-md-6&#8243;]<div id=\"ultimate-heading-92869f15dd4efb35\" class=\"uvc-heading ult-adjust-bottom-margin ultimate-heading-92869f15dd4efb35 uvc-1266 \" data-hspacer=\"line_with_icon\" data-hline_width=\"80\" data-hicon_type=\"selector\" data-hborder_style=\"double\" data-hborder_height=\"3\" data-hborder_color=\"#c4ac70\" data-icon_width=\"10\" data-hfixer=\"10\"  data-halign=\"center\" style=\"text-align:center\"><div class=\"uvc-sub-heading ult-responsive\"  data-ultimate-target='.uvc-heading.ultimate-heading-92869f15dd4efb35 .uvc-sub-heading '  data-responsive-json-new='{\"font-size\":\"desktop:35px;\",\"line-height\":\"desktop:40px;\"}'  style=\"font-family:&#039;Poppins&#039;;font-weight:normal;color:#303030;margin-top:-5px;\"><\/p>\n<div dir=\"auto\">YOGURTH DEL PRADO<\/div>\n<p><\/div><div class=\"uvc-heading-spacer line_with_icon\" style=\"margin-top:5px;margin-bottom:20px;height:10px;\"><div class=\"ult-just-icon-wrapper  \"><div class=\"align-icon\" style=\"text-align:center;\">\n<div class=\"aio-icon none \"  style=\"color:#c4ac70;font-size:10px;display:inline-block;\">\n\t<i class=\"icomoon-free-social-contact-16x16-svg\"><\/i>\n<\/div><\/div><\/div><\/div><\/div>[vc_column_text css=\u00bb\u00bb]El Yoghurt Natural del Prado es un producto artesanal elaborado con leche fresca de alta calidad y cultivos l\u00e1cteos seleccionados, manteniendo el perfil tradicional del yoghurt chileno: suave, cremoso y naturalmente equilibrado.<\/p>\n<p>Caracter\u00edsticas principales<\/p>\n<p>Elaboraci\u00f3n artesanal, manteniendo el sabor aut\u00e9ntico del yoghurt hecho en campo.<\/p>\n<p>Textura cremosa y homog\u00e9nea, ideal para consumo directo o para usar en preparaciones.<\/p>\n<p>Sabor natural, levemente \u00e1cido, sin saborizantes ni colorantes a\u00f1adidos.<\/p>\n<p>Cultivos vivos activos, que favorecen la digesti\u00f3n y aportan beneficios probi\u00f3ticos.<\/p>\n<p>Elaborado con leche semi descremada, logrando un perfil nutritivo balanceado.<\/p>\n<p>Presentaci\u00f3n<\/p>\n<p>Formato de 1 litro, c\u00f3modo y familiar, ideal para consumo diario, desayunos y preparaciones culinarias.[\/vc_column_text][\/vc_column][\/vc_row][vc_row full_width=\u00bbstretch_row\u00bb type=\u00bbvc_default\u00bb css=\u00bb.vc_custom_1474232826142{margin-bottom: -60px !important;padding-top: 80px !important;padding-bottom: 60px !important;background-color: #131313 !important;}\u00bb][vc_column css=\u00bb.vc_custom_1460570299912{padding-bottom: 40px !important;}\u00bb][vc_single_image image=\u00bb1105&#8243; img_size=\u00bb300&#215;300&#8243; alignment=\u00bbcenter\u00bb css_animation=\u00bbfadeInUp\u00bb css=\u00bb.vc_custom_1762724148524{padding-bottom: 10px !important;}\u00bb][\/vc_column][vc_column css=\u00bb.vc_custom_1460570841666{padding-bottom: 20px !important;}\u00bb]<div class=\" uavc-icons-center uavc-icons \">\n<a class=\"aio-tooltip 69f15dd4efb8a\" href=\"#\"  data-toggle=\"tooltip\" data-placement=\"\" title=\"\"><div class=\"aio-icon circle \" data-animation=\"\" data-animation-delay=\"03\" style=\"color:#131313;background:#f7f7f7;font-size:18px;margin-right:5px;\">\n\t<i class=\"icomoon-free-social-contact-16x16-facebook\"><\/i>\n<\/div><\/a>\n<a class=\"aio-tooltip 69f15dd4efb9e\" href=\"#\"  data-toggle=\"tooltip\" data-placement=\"\" title=\"\"><div class=\"aio-icon circle \" data-animation=\"\" data-animation-delay=\"03\" style=\"color:#131313;background:#f7f7f7;font-size:18px;margin-right:5px;\">\n\t<i class=\"icomoon-free-social-contact-16x16-instagram\"><\/i>\n<\/div><\/a><\/div>[\/vc_column][vc_column css=\u00bb.vc_custom_1469282395397{padding-top: 10px !important;padding-bottom: 5px !important;}\u00bb]<div id=\"ultimate-heading-572969f15dd4efbba\" class=\"uvc-heading ult-adjust-bottom-margin ultimate-heading-572969f15dd4efbba uvc-6552 \" data-hspacer=\"no_spacer\"  data-halign=\"center\" style=\"text-align:center\"><div class=\"uvc-heading-spacer no_spacer\" style=\"top\"><\/div><div class=\"uvc-sub-heading ult-responsive\"  data-ultimate-target='.uvc-heading.ultimate-heading-572969f15dd4efbba .uvc-sub-heading '  data-responsive-json-new='{\"font-size\":\"desktop:15px;\",\"line-height\":\"desktop:22px;\"}'  style=\"font-family:&#039;Poppins&#039;;font-weight:normal;font-style:normal;color:#a0a0a0;\">Sitio Web desarrollado por Agencia <a href=\"http:\/\/www.ambienteweb.cl\">Ambiente Web<\/a><\/div><\/div>[\/vc_column][\/vc_row]<\/p>\n<\/div>","protected":false},"excerpt":{"rendered":"<p>[vc_row equal_height=\u00bbyes\u00bb type=\u00bbvc_default\u00bb css=\u00bb.vc_custom_1474194287078{padding-bottom: 90px !important;}\u00bb][vc_column width=\u00bb1\/3&#8243; css=\u00bb.vc_custom_1763479066247{margin-right: 30px !important;margin-left: 30px !important;padding-top: 140px !important;padding-bottom: 140px !important;background-image: url(https:\/\/lacteosdelprado.cl\/wp-content\/uploads\/2025\/11\/WhatsApp-Image-2025-11-10-at-10.36.04.jpeg?id=1214) !important;background-position: center !important;background-repeat: no-repeat !important;background-size: cover !important;}\u00bb offset=\u00bbvc_col-lg-offset-0 vc_col-lg-6 vc_col-md-offset-0 vc_col-md-6 vc_col-sm-offset-0&#8243;][\/vc_column][vc_column width=\u00bb2\/3&#8243; css=\u00bb.vc_custom_1469298521128{margin-right: 30px !important;margin-left: 30px !important;padding-top: 45px !important;padding-right: 40px !important;padding-bottom: 15px !important;padding-left: 40px !important;background-color: #f4f4f4 !important;}\u00bb offset=\u00bbvc_col-lg-6 vc_col-md-6&#8243;][vc_column_text css=\u00bb\u00bb] De Textura suave, cremosa y el\u00e1stica. Se&hellip;<\/p>\n","protected":false},"author":1,"featured_media":0,"parent":0,"menu_order":2,"comment_status":"closed","ping_status":"closed","template":"","meta":{"footnotes":""},"class_list":["post-212","page","type-page","status-publish","hentry","description-off"],"_links":{"self":[{"href":"https:\/\/lacteosdelprado.cl\/index.php\/wp-json\/wp\/v2\/pages\/212","targetHints":{"allow":["GET"]}}],"collection":[{"href":"https:\/\/lacteosdelprado.cl\/index.php\/wp-json\/wp\/v2\/pages"}],"about":[{"href":"https:\/\/lacteosdelprado.cl\/index.php\/wp-json\/wp\/v2\/types\/page"}],"author":[{"embeddable":true,"href":"https:\/\/lacteosdelprado.cl\/index.php\/wp-json\/wp\/v2\/users\/1"}],"replies":[{"embeddable":true,"href":"https:\/\/lacteosdelprado.cl\/index.php\/wp-json\/wp\/v2\/comments?post=212"}],"version-history":[{"count":37,"href":"https:\/\/lacteosdelprado.cl\/index.php\/wp-json\/wp\/v2\/pages\/212\/revisions"}],"predecessor-version":[{"id":1272,"href":"https:\/\/lacteosdelprado.cl\/index.php\/wp-json\/wp\/v2\/pages\/212\/revisions\/1272"}],"wp:attachment":[{"href":"https:\/\/lacteosdelprado.cl\/index.php\/wp-json\/wp\/v2\/media?parent=212"}],"curies":[{"name":"wp","href":"https:\/\/api.w.org\/{rel}","templated":true}]}}